{"id":10000002971,"date":"2023-08-30T11:00:29","date_gmt":"2023-08-30T11:00:29","guid":{"rendered":"https:\/\/www.van-osch-uden.nl\/stalleinrichtung\/stalleinrichtung\/waende-tueren-und-abschlussleisten\/"},"modified":"2023-12-05T14:04:48","modified_gmt":"2023-12-05T14:04:48","slug":"waende-tueren-und-abschlussleisten","status":"publish","type":"page","link":"https:\/\/www.van-osch-uden.nl\/de\/stalleinrichtung\/stalleinrichtung\/waende-tueren-und-abschlussleisten\/","title":{"rendered":"W\u00e4nde, T\u00fcren und Abschlussleisten"},"content":{"rendered":"<p>[et_pb_section fb_built=&#8220;1&#8243; custom_padding_last_edited=&#8220;on|desktop&#8220; disabled_on=&#8220;on|on|off&#8220; admin_label=&#8220;Sectie desktop&#8220; _builder_version=&#8220;4.21.0&#8243; _module_preset=&#8220;default&#8220; background_color=&#8220;RGBA(255,255,255,0)&#8220; use_background_color_gradient=&#8220;on&#8220; background_color_gradient_stops=&#8220;rgba(51,51,51,0.9) 0%|rgba(33,33,33,0.9) 100%&#8220; background_color_gradient_overlays_image=&#8220;on&#8220; background_image=&#8220;https:\/\/www.van-osch-uden.nl\/wp-content\/uploads\/2023\/09\/wanden-header.jpg&#8220; custom_margin=&#8220;-150px||||false|false&#8220; custom_margin_tablet=&#8220;-150px||||false|false&#8220; custom_margin_phone=&#8220;-150px||||false|false&#8220; custom_margin_last_edited=&#8220;on|desktop&#8220; custom_padding=&#8220;14vw||6vw||false|false&#8220; custom_padding_tablet=&#8220;14vw||6vw||false|false&#8220; custom_padding_phone=&#8220;14vw||6vw||false|false&#8220; global_colors_info=&#8220;{}&#8220;][et_pb_row column_structure=&#8220;1_3,1_3,1_3&#8243; use_custom_gutter=&#8220;on&#8220; gutter_width=&#8220;1&#8243; make_equal=&#8220;on&#8220; _builder_version=&#8220;4.21.0&#8243; _module_preset=&#8220;default&#8220; width=&#8220;100%&#8220; max_width=&#8220;50%&#8220; global_colors_info=&#8220;{}&#8220;][et_pb_column type=&#8220;1_3&#8243; _builder_version=&#8220;4.21.0&#8243; _module_preset=&#8220;default&#8220; global_colors_info=&#8220;{}&#8220;][et_pb_image src=&#8220;https:\/\/www.van-osch-uden.nl\/wp-content\/uploads\/2023\/06\/vanOsch-logo-wit.svg&#8220; alt=&#8220;vanOsch-logo-wit&#8220; title_text=&#8220;vanOsch-logo-wit&#8220; _builder_version=&#8220;4.21.0&#8243; _module_preset=&#8220;default&#8220; width=&#8220;50%&#8220; global_colors_info=&#8220;{}&#8220;][\/et_pb_image][\/et_pb_column][et_pb_column type=&#8220;1_3&#8243; _builder_version=&#8220;4.21.0&#8243; _module_preset=&#8220;default&#8220; custom_css_main_element=&#8220;margin:auto;&#8220; global_colors_info=&#8220;{}&#8220;][et_pb_text _builder_version=&#8220;4.21.0&#8243; _module_preset=&#8220;default&#8220; header_font=&#8220;Cairo|600|||||||&#8220; header_text_color=&#8220;#FFFFFF&#8220; header_font_size=&#8220;2vw&#8220; global_colors_info=&#8220;{}&#8220;]<\/p>\n<h1>W\u00e4nde, T\u00fcren und Abschlussleisten<br \/>\n<\/h1>\n<p>[\/et_pb_text][\/et_pb_column][et_pb_column type=&#8220;1_3&#8243; _builder_version=&#8220;4.21.0&#8243; _module_preset=&#8220;default&#8220; custom_css_main_element=&#8220;margin:auto;&#8220; global_colors_info=&#8220;{}&#8220;][et_pb_image src=&#8220;https:\/\/www.van-osch-uden.nl\/wp-content\/uploads\/2023\/06\/wanden-deuren-en-afwerkprofielen.svg&#8220; alt=&#8220;W\u00e4nde, T\u00fcren und Abschlussleisten&#8220; title_text=&#8220;W\u00e4nde, T\u00fcren und Abschlussleisten&#8220; _builder_version=&#8220;4.21.0&#8243; _module_preset=&#8220;default&#8220; width=&#8220;50%&#8220; module_alignment=&#8220;right&#8220; global_colors_info=&#8220;{}&#8220;][\/et_pb_image][\/et_pb_column][\/et_pb_row][\/et_pb_section][et_pb_section fb_built=&#8220;1&#8243; custom_padding_last_edited=&#8220;on|desktop&#8220; disabled_on=&#8220;off|off|on&#8220; admin_label=&#8220;Sectie tablet, mobile&#8220; _builder_version=&#8220;4.21.0&#8243; _module_preset=&#8220;default&#8220; background_color=&#8220;RGBA(255,255,255,0)&#8220; use_background_color_gradient=&#8220;on&#8220; background_color_gradient_stops=&#8220;rgba(51,51,51,0.9) 0%|rgba(33,33,33,0.9) 100%&#8220; background_color_gradient_overlays_image=&#8220;on&#8220; background_image=&#8220;https:\/\/www.van-osch-uden.nl\/wp-content\/uploads\/2023\/09\/wanden-header.jpg&#8220; custom_margin=&#8220;||||false|false&#8220; custom_margin_tablet=&#8220;-150px||||false|false&#8220; custom_margin_phone=&#8220;-150px||||false|false&#8220; custom_margin_last_edited=&#8220;off|desktop&#8220; custom_padding=&#8220;14vw||6vw||false|false&#8220; custom_padding_tablet=&#8220;14vw||6vw||false|false&#8220; custom_padding_phone=&#8220;14vw||6vw||false|false&#8220; locked=&#8220;off&#8220; global_colors_info=&#8220;{}&#8220;][et_pb_row column_structure=&#8220;1_2,1_2&#8243; use_custom_gutter=&#8220;on&#8220; gutter_width=&#8220;1&#8243; make_equal=&#8220;on&#8220; module_class=&#8220;two-colomns&#8220; _builder_version=&#8220;4.21.0&#8243; _module_preset=&#8220;default&#8220; width=&#8220;100%&#8220; max_width=&#8220;90%&#8220; custom_css_main_element=&#8220;align-items: center !important;&#8220; global_colors_info=&#8220;{}&#8220;][et_pb_column type=&#8220;1_2&#8243; _builder_version=&#8220;4.21.0&#8243; _module_preset=&#8220;default&#8220; custom_css_before=&#8220;\t||&#8220; custom_css_after=&#8220;\t||&#8220; global_colors_info=&#8220;{}&#8220;][et_pb_text _builder_version=&#8220;4.21.0&#8243; _module_preset=&#8220;default&#8220; header_font=&#8220;Cairo|600|||||||&#8220; header_text_align=&#8220;center&#8220; header_text_color=&#8220;#FFFFFF&#8220; header_font_size=&#8220;7vw&#8220; global_colors_info=&#8220;{}&#8220;]<\/p>\n<h1>W\u00e4nde, T\u00fcren und Abschlussleisten<\/h1>\n<p>[\/et_pb_text][\/et_pb_column][et_pb_column type=&#8220;1_2&#8243; _builder_version=&#8220;4.21.0&#8243; _module_preset=&#8220;default&#8220; custom_css_main_element=&#8220;margin: auto;&#8220; global_colors_info=&#8220;{}&#8220;][et_pb_image src=&#8220;https:\/\/www.van-osch-uden.nl\/wp-content\/uploads\/2023\/06\/wanden-deuren-en-afwerkprofielen.svg&#8220; alt=&#8220;W\u00e4nde, T\u00fcren und Abschlussleisten&#8220; title_text=&#8220;W\u00e4nde, T\u00fcren und Abschlussleisten&#8220; _builder_version=&#8220;4.21.0&#8243; _module_preset=&#8220;default&#8220; global_colors_info=&#8220;{}&#8220;][\/et_pb_image][\/et_pb_column][\/et_pb_row][\/et_pb_section][et_pb_section fb_built=&#8220;1&#8243; _builder_version=&#8220;4.21.0&#8243; _module_preset=&#8220;default&#8220; background_color=&#8220;#FFFFFF&#8220; global_colors_info=&#8220;{}&#8220;][et_pb_row column_structure=&#8220;1_2,1_2&#8243; use_custom_gutter=&#8220;on&#8220; gutter_width=&#8220;1&#8243; make_equal=&#8220;on&#8220; _builder_version=&#8220;4.23.1&#8243; _module_preset=&#8220;default&#8220; width=&#8220;100%&#8220; max_width=&#8220;70%&#8220; max_width_tablet=&#8220;70%&#8220; max_width_phone=&#8220;90%&#8220; max_width_last_edited=&#8220;on|phone&#8220; hover_enabled=&#8220;0&#8243; global_colors_info=&#8220;{}&#8220; sticky_enabled=&#8220;0&#8243;][et_pb_column type=&#8220;1_2&#8243; _builder_version=&#8220;4.21.0&#8243; _module_preset=&#8220;default&#8220; global_colors_info=&#8220;{}&#8220;][et_pb_text _builder_version=&#8220;4.21.0&#8243; _module_preset=&#8220;default&#8220; text_font=&#8220;Cairo|300|||||||&#8220; text_text_color=&#8220;#333333&#8243; text_font_size=&#8220;18px&#8220; link_font=&#8220;Cairo|600|||||||&#8220; link_text_color=&#8220;#000000&#8243; link_font_size=&#8220;16px&#8220; header_2_font=&#8220;Cairo|300|||||||&#8220; header_2_text_color=&#8220;#008BD2&#8243; header_2_font_size=&#8220;28px&#8220; custom_margin=&#8220;||15px||false|false&#8220; animation_style=&#8220;fold&#8220; animation_direction=&#8220;bottom&#8220; animation_intensity_fold=&#8220;20%&#8220; global_colors_info=&#8220;{}&#8220;]<\/p>\n<h2>W\u00e4nde, T\u00fcren und Abschlussleisten<\/h2>\n<p>W\u00e4nde, T\u00fcren und Abschlussleisten f\u00fcr Stalleinrichtungen erm\u00f6glichen es dem modernen Agrarunternehmer, den Stall gezielt aufzuteilen. Wir bieten ein breites Angebot an diversen PVC-W\u00e4nden, -T\u00fcren sowie Edelstahl-Abschlussleisten. <\/p>\n<p>Ferkelbuchten, Abferkelbuchten, Buchten f\u00fcr tr\u00e4chtige Sauen, ein Melkstand in einem Kuhstall: \u00dcberall im Stalls sind die Anforderungen unterschiedlich. Dazu z\u00e4hlen zum Beispiel Ventilation, Klimakontrolle, andere B\u00f6den und Gruben, und so weiter. W\u00e4nde, T\u00fcren und Edelstahl-Abschlussleisten erm\u00f6glichen es Ihnen, den Stall ganz nach Ihren W\u00fcnschen einzurichten.  <\/p>\n<p>[\/et_pb_text][et_pb_text _builder_version=&#8220;4.21.0&#8243; _module_preset=&#8220;default&#8220; text_font=&#8220;Cairo|300|||||||&#8220; text_text_color=&#8220;#333333&#8243; text_font_size=&#8220;18px&#8220; link_font=&#8220;Cairo|600|||||||&#8220; link_text_color=&#8220;#008BD2&#8243; link_font_size=&#8220;16px&#8220; header_2_font=&#8220;Cairo|300|||||||&#8220; header_2_text_color=&#8220;#008BD2&#8243; header_2_font_size=&#8220;28px&#8220; header_4_font=&#8220;Cairo|600|||||||&#8220; custom_margin=&#8220;||15px||false|false&#8220; animation_style=&#8220;fold&#8220; animation_direction=&#8220;bottom&#8220; animation_intensity_fold=&#8220;20%&#8220; global_colors_info=&#8220;{}&#8220;]<\/p>\n<h2>W\u00e4nde und T\u00fcren<\/p>\n<\/h2>\n<p>W\u00e4nde und T\u00fcren (Zubeh\u00f6r) machen wir f\u00fcr jede Stallgr\u00f6\u00dfe und f\u00fcr jeden Stalltyp. Unsere W\u00e4nde und T\u00fcren sind in verschiedenen Varianten und Abmessungen erh\u00e4ltlich. Wir gestalten Dicke, H\u00f6he und sogar Farbe nach Ihren W\u00fcnschen. Auch die Edelstahl-Abschlussleisten fertigen wir in den meisten F\u00e4llen nach Ma\u00df an. Gemeinsam finden wir so die beste L\u00f6sung f\u00fcr Sie.    <\/p>\n<p>[\/et_pb_text][et_pb_text _builder_version=&#8220;4.21.0&#8243; _module_preset=&#8220;default&#8220; text_font=&#8220;Cairo|300|||||||&#8220; text_text_color=&#8220;#333333&#8243; text_font_size=&#8220;18px&#8220; link_font=&#8220;Cairo|600|||||||&#8220; link_text_color=&#8220;#008BD2&#8243; link_font_size=&#8220;16px&#8220; header_2_font=&#8220;Cairo|300|||||||&#8220; header_2_text_color=&#8220;#008BD2&#8243; header_2_font_size=&#8220;28px&#8220; header_4_font=&#8220;Cairo|600|||||||&#8220; animation_style=&#8220;fold&#8220; animation_direction=&#8220;bottom&#8220; animation_intensity_fold=&#8220;20%&#8220; global_colors_info=&#8220;{}&#8220;]<\/p>\n<h2>Vorteile von PVC<br \/>\n<\/h2>\n<p>Unsere W\u00e4nde und T\u00fcren stellen wir aus PVC her. PVC hat den Vorteil, dass es:\n<\/p>\n<ul>\n<li>Relativ g\u00fcnstig ist<\/li>\n<li>Eine lange Lebensdauer hat und daher nachhaltig ist<\/li>\n<li>Einfach zu montieren ist<\/li>\n<li>Wenig bis keine Wartung braucht<\/li>\n<li>Recyclebar ist<\/li>\n<li>Aus starkem und robustem Material besteht<\/li>\n<\/ul>\n<p>[\/et_pb_text][\/et_pb_column][et_pb_column type=&#8220;1_2&#8243; _builder_version=&#8220;4.23.1&#8243; _module_preset=&#8220;default&#8220; hover_enabled=&#8220;0&#8243; global_colors_info=&#8220;{}&#8220; sticky_enabled=&#8220;0&#8243;][et_pb_image src=&#8220;https:\/\/www.van-osch-uden.nl\/wp-content\/uploads\/2023\/09\/wanden.jpg&#8220; alt=&#8220;W\u00e4nde&#8220; title_text=&#8220;W\u00e4nde&#8220; align=&#8220;center&#8220; _builder_version=&#8220;4.23.1&#8243; _module_preset=&#8220;default&#8220; width=&#8220;80%&#8220; module_alignment=&#8220;center&#8220; custom_margin_tablet=&#8220;&#8220; custom_margin_phone=&#8220;20px||||false|false&#8220; custom_margin_last_edited=&#8220;on|phone&#8220; animation_style=&#8220;fade&#8220; animation_duration=&#8220;1300ms&#8220; hover_enabled=&#8220;0&#8243; global_colors_info=&#8220;{}&#8220; sticky_enabled=&#8220;0&#8243;][\/et_pb_image][\/et_pb_column][\/et_pb_row][et_pb_row column_structure=&#8220;1_2,1_2&#8243; use_custom_gutter=&#8220;on&#8220; gutter_width=&#8220;1&#8243; make_equal=&#8220;on&#8220; _builder_version=&#8220;4.21.0&#8243; _module_preset=&#8220;default&#8220; width=&#8220;100%&#8220; max_width=&#8220;70%&#8220; max_width_tablet=&#8220;70%&#8220; max_width_phone=&#8220;90%&#8220; max_width_last_edited=&#8220;on|phone&#8220; custom_padding=&#8220;4px|||||&#8220; global_colors_info=&#8220;{}&#8220;][et_pb_column type=&#8220;1_2&#8243; _builder_version=&#8220;4.21.0&#8243; _module_preset=&#8220;default&#8220; custom_css_main_element=&#8220;  margin: auto;&#8220; global_colors_info=&#8220;{}&#8220;][et_pb_text _builder_version=&#8220;4.21.0&#8243; _module_preset=&#8220;default&#8220; text_font=&#8220;Cairo|300|||||||&#8220; text_text_color=&#8220;#333333&#8243; text_font_size=&#8220;18px&#8220; link_font=&#8220;Cairo|600|||||||&#8220; link_text_color=&#8220;#008BD2&#8243; link_font_size=&#8220;16px&#8220; header_2_font=&#8220;Cairo|300|||||||&#8220; header_2_text_color=&#8220;#008BD2&#8243; header_2_font_size=&#8220;28px&#8220; header_4_font=&#8220;Cairo|600|||||||&#8220; animation_style=&#8220;fold&#8220; animation_direction=&#8220;bottom&#8220; animation_intensity_fold=&#8220;20%&#8220; global_colors_info=&#8220;{}&#8220;]<\/p>\n<h2>W\u00e4nde: feuerbest\u00e4ndig<\/p>\n<\/h2>\n<p>Sicherheit in und um den (Schweine)Stall ist von wesentlicher Bedeutung f\u00fcr das Fortbestehen eines Agrarunternehmens. In unserem Sortiment befinden sich W\u00e4nde, die der Brandklasse B entsprechen (gesetzlicher Baubeschluss f\u00fcr PVC-Abtrennungsw\u00e4nde). Die feuerhemmenden Eigenschaften erh\u00f6hen die Wahrscheinlichkeit erfolgreicher Eins\u00e4tze der Rettungsdienste und damit die Rettung der Tiere. Es ist einzigartig, dass wir diese Wandpaneele in zwei Dicken (35 und 50 mm) und in zwei Farben (grau und wei\u00df) liefern.    <\/p>\n<p>[\/et_pb_text][\/et_pb_column][et_pb_column type=&#8220;1_2&#8243; _builder_version=&#8220;4.21.0&#8243; _module_preset=&#8220;default&#8220; custom_css_main_element=&#8220;  margin: auto;&#8220; global_colors_info=&#8220;{}&#8220;][\/et_pb_column][\/et_pb_row][et_pb_row use_custom_gutter=&#8220;on&#8220; gutter_width=&#8220;1&#8243; make_equal=&#8220;on&#8220; _builder_version=&#8220;4.21.0&#8243; _module_preset=&#8220;default&#8220; width=&#8220;100%&#8220; max_width=&#8220;70%&#8220; max_width_tablet=&#8220;70%&#8220; max_width_phone=&#8220;90%&#8220; max_width_last_edited=&#8220;on|phone&#8220; global_colors_info=&#8220;{}&#8220;][et_pb_column type=&#8220;4_4&#8243; _builder_version=&#8220;4.21.0&#8243; _module_preset=&#8220;default&#8220; custom_css_main_element=&#8220;  margin: auto;&#8220; global_colors_info=&#8220;{}&#8220;][et_pb_text _builder_version=&#8220;4.21.0&#8243; _module_preset=&#8220;default&#8220; text_font=&#8220;Cairo|300|||||||&#8220; text_text_color=&#8220;#333333&#8243; text_font_size=&#8220;18px&#8220; link_font=&#8220;Cairo|600|||||||&#8220; link_text_color=&#8220;#008BD2&#8243; link_font_size=&#8220;18px&#8220; header_2_font=&#8220;Cairo|300|||||||&#8220; header_2_text_color=&#8220;#008BD2&#8243; header_2_font_size=&#8220;28px&#8220; header_4_font=&#8220;Cairo|600|||||||&#8220; animation_style=&#8220;fold&#8220; animation_direction=&#8220;bottom&#8220; animation_intensity_fold=&#8220;20%&#8220; global_colors_info=&#8220;{}&#8220;]<\/p>\n<p>M\u00f6chten Sie weitere Informationen \u00fcber unsere W\u00e4nde, T\u00fcren und Abschlussleisten? Schicken Sie uns eine E-Mail an <a href=\"mailto:graageenafspraak@van-osch-uden.nl\">graageenafspraak@van-osch-uden.nl<\/a> ,und wir freuen uns, einen Termin mit Ihnen zu vereinbaren.<\/p>\n<p>[\/et_pb_text][\/et_pb_column][\/et_pb_row][\/et_pb_section][et_pb_section fb_built=&#8220;1&#8243; _builder_version=&#8220;4.21.0&#8243; _module_preset=&#8220;default&#8220; background_color=&#8220;#008BD2&#8243; custom_margin=&#8220;0px||0px||true|false&#8220; custom_padding=&#8220;0px||0px||true|false&#8220; saved_tabs=&#8220;all&#8220; global_colors_info=&#8220;{}&#8220;][et_pb_row column_structure=&#8220;1_4,1_4,1_4,1_4&#8243; use_custom_gutter=&#8220;on&#8220; gutter_width=&#8220;1&#8243; make_equal=&#8220;on&#8220; _builder_version=&#8220;4.21.0&#8243; _module_preset=&#8220;default&#8220; background_enable_color=&#8220;off&#8220; width=&#8220;100%&#8220; max_width=&#8220;100%&#8220; custom_margin=&#8220;0px||0px||true|false&#8220; custom_padding=&#8220;0px||0px||true|false&#8220; global_colors_info=&#8220;{}&#8220;][et_pb_column type=&#8220;1_4&#8243; module_class=&#8220;hover-colomn&#8220; _builder_version=&#8220;4.21.0&#8243; _dynamic_attributes=&#8220;link_option_url&#8220; _module_preset=&#8220;default&#8220; use_background_color_gradient=&#8220;on&#8220; background_color_gradient_stops=&#8220;rgba(0,139,210,0.84) 0%|rgba(0,139,210,0.85) 100%&#8220; background_color_gradient_overlays_image=&#8220;on&#8220; background_image=&#8220;https:\/\/www.van-osch-uden.nl\/wp-content\/uploads\/2023\/09\/Koesj-Venlo.jpg&#8220; custom_padding=&#8220;2%|2%|2%|2%|true|true&#8220; animation_style=&#8220;fade&#8220; animation_duration=&#8220;1750ms&#8220; link_option_url=&#8220;@ET-DC@eyJkeW5hbWljIjp0cnVlLCJjb250ZW50IjoicG9zdF9saW5rX3VybF9wcm9qZWN0Iiwic2V0dGluZ3MiOnsicG9zdF9pZCI6IjEwMDAwMDAyMjAzIn19@&#8220; global_colors_info=&#8220;{}&#8220; transform_styles__hover_enabled=&#8220;on|hover&#8220; transform_scale__hover_enabled=&#8220;on|hover&#8220; transform_translate__hover_enabled=&#8220;on|hover&#8220; transform_rotate__hover_enabled=&#8220;on|hover&#8220; transform_skew__hover_enabled=&#8220;on|hover&#8220; transform_origin__hover_enabled=&#8220;on|hover&#8220; background_image__hover=&#8220;https:\/\/www.van-osch-uden.nl\/wp-content\/uploads\/2023\/09\/Koesj-Venlo.jpg&#8220; background_enable_image__hover=&#8220;on&#8220; parallax__hover=&#8220;off&#8220; use_background_color_gradient__hover=&#8220;on&#8220; background__hover_enabled=&#8220;on|hover&#8220; background_color_gradient_stops__hover=&#8220;rgba(0,139,210,0.55) 0%|rgba(0,139,210,0.55) 100%&#8220;][et_pb_image src=&#8220;https:\/\/www.van-osch-uden.nl\/wp-content\/uploads\/2023\/06\/vanosch-dragende-zeugen-wit.svg&#8220; alt=&#8220;vanosch-dragende-zeugen-zw&#8220; title_text=&#8220;vanosch-dragende-zeugen-zw&#8220; _builder_version=&#8220;4.21.0&#8243; _module_preset=&#8220;default&#8220; width=&#8220;50%&#8220; module_alignment=&#8220;center&#8220; custom_margin=&#8220;||20px|||&#8220; global_colors_info=&#8220;{}&#8220; src__hover_enabled=&#8220;on|hover&#8220; src__hover=&#8220;https:\/\/www.van-osch-uden.nl\/wp-content\/uploads\/2023\/06\/vanosch-dragende-zeugen-zw.svg&#8220; transform_styles__hover_enabled=&#8220;on|hover&#8220; transform_scale__hover_enabled=&#8220;on|hover&#8220; transform_translate__hover_enabled=&#8220;on|hover&#8220; transform_rotate__hover_enabled=&#8220;on|hover&#8220; transform_skew__hover_enabled=&#8220;on|hover&#8220; transform_origin__hover_enabled=&#8220;on|hover&#8220; transform_scale__hover=&#8220;110%|110%&#8220;][\/et_pb_image][et_pb_text _builder_version=&#8220;4.21.0&#8243; _module_preset=&#8220;default&#8220; text_font=&#8220;Cairo|300|||||||&#8220; text_text_color=&#8220;#FFFFFF&#8220; text_font_size=&#8220;18px&#8220; header_2_font=&#8220;Cairo|300|||||||&#8220; header_2_text_align=&#8220;center&#8220; header_2_text_color=&#8220;#FFFFFF&#8220; header_2_font_size=&#8220;35px&#8220; text_orientation=&#8220;center&#8220; link_option_url=&#8220;https:\/\/www.van-osch-uden.nl\/project\/koesj-venlo-speciaal-buiten-hok-voor-vleesvarkens\/&#8220; global_colors_info=&#8220;{}&#8220;]<\/p>\n<h2>Koesj Venlo<\/h2>\n<p>[\/et_pb_text][et_pb_button button_url=&#8220;@ET-DC@eyJkeW5hbWljIjp0cnVlLCJjb250ZW50IjoicG9zdF9saW5rX3VybF9wcm9qZWN0Iiwic2V0dGluZ3MiOnsicG9zdF9pZCI6IjEwMDAwMDAyMjAzIn19@&#8220; button_text=&#8220;Mehr lesen&#8220; button_alignment=&#8220;center&#8220; _builder_version=&#8220;4.21.0&#8243; _dynamic_attributes=&#8220;button_url&#8220; _module_preset=&#8220;default&#8220; custom_button=&#8220;on&#8220; button_text_color=&#8220;#FFFFFF&#8220; button_border_radius=&#8220;31px&#8220; custom_margin=&#8220;10%||||false|false&#8220; global_colors_info=&#8220;{}&#8220;][\/et_pb_button][\/et_pb_column][et_pb_column type=&#8220;1_4&#8243; module_class=&#8220;hover-colomn&#8220; _builder_version=&#8220;4.21.0&#8243; _dynamic_attributes=&#8220;link_option_url&#8220; _module_preset=&#8220;default&#8220; use_background_color_gradient=&#8220;on&#8220; background_color_gradient_stops=&#8220;rgba(0,139,210,0.84) 0%|rgba(0,139,210,0.85) 100%&#8220; background_color_gradient_overlays_image=&#8220;on&#8220; background_image=&#8220;https:\/\/www.van-osch-uden.nl\/wp-content\/uploads\/2023\/09\/Swinkels-Leende.jpg&#8220; custom_padding=&#8220;2%|2%|2%|2%|true|true&#8220; animation_style=&#8220;fade&#8220; link_option_url=&#8220;@ET-DC@eyJkeW5hbWljIjp0cnVlLCJjb250ZW50IjoicG9zdF9saW5rX3VybF9wcm9qZWN0Iiwic2V0dGluZ3MiOnsicG9zdF9pZCI6IjEwMDAwMDAyMjE4In19@&#8220; global_colors_info=&#8220;{}&#8220; background__hover_enabled=&#8220;on|hover&#8220; use_background_color_gradient__hover=&#8220;on&#8220; background_color_gradient_stops__hover=&#8220;rgba(0,139,210,0.55) 0%|rgba(0,139,210,0.55) 100%&#8220; background_image__hover=&#8220;https:\/\/www.van-osch-uden.nl\/wp-content\/uploads\/2023\/09\/Swinkels-Leende.jpg&#8220; background_enable_image__hover=&#8220;on&#8220; parallax__hover=&#8220;off&#8220;][et_pb_image src=&#8220;https:\/\/www.van-osch-uden.nl\/wp-content\/uploads\/2023\/06\/vanosch-kraamzeugen-wit.svg&#8220; alt=&#8220;vanosch-kraamzeugen-zw&#8220; title_text=&#8220;vanosch-kraamzeugen-zw&#8220; _builder_version=&#8220;4.21.0&#8243; _module_preset=&#8220;default&#8220; width=&#8220;50%&#8220; module_alignment=&#8220;center&#8220; custom_margin=&#8220;||20px|||&#8220; global_colors_info=&#8220;{}&#8220; transform_styles__hover_enabled=&#8220;on|hover&#8220; transform_scale__hover=&#8220;110%|110%&#8220; transform_scale__hover_enabled=&#8220;on|hover&#8220; transform_translate__hover_enabled=&#8220;on|hover&#8220; transform_rotate__hover_enabled=&#8220;on|hover&#8220; transform_skew__hover_enabled=&#8220;on|hover&#8220; transform_origin__hover_enabled=&#8220;on|hover&#8220; src__hover_enabled=&#8220;on|hover&#8220; src__hover=&#8220;https:\/\/www.van-osch-uden.nl\/wp-content\/uploads\/2023\/06\/vanosch-kraamzeugen-zw.svg&#8220;][\/et_pb_image][et_pb_text _builder_version=&#8220;4.21.0&#8243; _module_preset=&#8220;default&#8220; text_font=&#8220;Cairo|300|||||||&#8220; text_text_color=&#8220;#FFFFFF&#8220; text_font_size=&#8220;18px&#8220; header_2_font=&#8220;Cairo|300|||||||&#8220; header_2_text_align=&#8220;center&#8220; header_2_text_color=&#8220;#FFFFFF&#8220; header_2_font_size=&#8220;35px&#8220; text_orientation=&#8220;center&#8220; global_colors_info=&#8220;{}&#8220;]<\/p>\n<h2>Swinkels Leende <\/h2>\n<p>[\/et_pb_text][et_pb_button button_url=&#8220;@ET-DC@eyJkeW5hbWljIjp0cnVlLCJjb250ZW50IjoicG9zdF9saW5rX3VybF9wcm9qZWN0Iiwic2V0dGluZ3MiOnsicG9zdF9pZCI6IjEwMDAwMDAyMjE4In19@&#8220; button_text=&#8220;Mehr lesen&#8220; button_alignment=&#8220;center&#8220; _builder_version=&#8220;4.21.0&#8243; _dynamic_attributes=&#8220;button_url&#8220; _module_preset=&#8220;default&#8220; custom_button=&#8220;on&#8220; button_text_color=&#8220;#FFFFFF&#8220; button_border_radius=&#8220;31px&#8220; custom_margin=&#8220;10%||||false|false&#8220; global_colors_info=&#8220;{}&#8220;][\/et_pb_button][\/et_pb_column][et_pb_column type=&#8220;1_4&#8243; module_class=&#8220;hover-colomn&#8220; _builder_version=&#8220;4.21.0&#8243; _dynamic_attributes=&#8220;link_option_url&#8220; _module_preset=&#8220;default&#8220; use_background_color_gradient=&#8220;on&#8220; background_color_gradient_stops=&#8220;rgba(0,139,210,0.84) 0%|rgba(0,139,210,0.85) 100%&#8220; background_color_gradient_overlays_image=&#8220;on&#8220; background_image=&#8220;https:\/\/www.van-osch-uden.nl\/wp-content\/uploads\/2023\/09\/Tanzer-Wolferstedt.jpg&#8220; custom_padding=&#8220;2%|2%|2%|2%|true|true&#8220; animation_style=&#8220;fade&#8220; link_option_url=&#8220;@ET-DC@eyJkeW5hbWljIjp0cnVlLCJjb250ZW50IjoicG9zdF9saW5rX3VybF9wcm9qZWN0Iiwic2V0dGluZ3MiOnsicG9zdF9pZCI6IjEwMDAwMDAyMjM0In19@&#8220; global_colors_info=&#8220;{}&#8220; background__hover_enabled=&#8220;on|hover&#8220; use_background_color_gradient__hover=&#8220;on&#8220; background_color_gradient_stops__hover=&#8220;rgba(0,139,210,0.55) 0%|rgba(0,139,210,0.55) 100%&#8220; background_image__hover=&#8220;https:\/\/www.van-osch-uden.nl\/wp-content\/uploads\/2023\/09\/Tanzer-Wolferstedt.jpg&#8220; background_enable_image__hover=&#8220;on&#8220; parallax__hover=&#8220;off&#8220;][et_pb_image src=&#8220;https:\/\/www.van-osch-uden.nl\/wp-content\/uploads\/2023\/06\/vanosch-biggen-wit.svg&#8220; alt=&#8220;vanosch-biggen-z&#8220; title_text=&#8220;vanosch-biggen-z&#8220; src_last_edited=&#8220;off|desktop&#8220; _builder_version=&#8220;4.21.0&#8243; _module_preset=&#8220;default&#8220; width=&#8220;50%&#8220; module_alignment=&#8220;center&#8220; custom_margin=&#8220;||20px|||&#8220; global_colors_info=&#8220;{}&#8220; transform_styles__hover_enabled=&#8220;on|hover&#8220; transform_scale__hover=&#8220;110%|110%&#8220; transform_scale__hover_enabled=&#8220;on|hover&#8220; transform_translate__hover_enabled=&#8220;on|hover&#8220; transform_rotate__hover_enabled=&#8220;on|hover&#8220; transform_skew__hover_enabled=&#8220;on|hover&#8220; transform_origin__hover_enabled=&#8220;on|hover&#8220; src__hover_enabled=&#8220;on|hover&#8220; src__hover=&#8220;https:\/\/www.van-osch-uden.nl\/wp-content\/uploads\/2023\/06\/vanosch-biggen-z.svg&#8220;][\/et_pb_image][et_pb_text _builder_version=&#8220;4.21.0&#8243; _module_preset=&#8220;default&#8220; text_font=&#8220;Cairo|300|||||||&#8220; text_text_color=&#8220;#FFFFFF&#8220; text_font_size=&#8220;18px&#8220; header_2_font=&#8220;Cairo|300|||||||&#8220; header_2_text_align=&#8220;center&#8220; header_2_text_color=&#8220;#FFFFFF&#8220; header_2_font_size=&#8220;35px&#8220; text_orientation=&#8220;center&#8220; global_colors_info=&#8220;{}&#8220;]<\/p>\n<h2>Tanzer Wolferstedt<\/h2>\n<p>[\/et_pb_text][et_pb_button button_url=&#8220;@ET-DC@eyJkeW5hbWljIjp0cnVlLCJjb250ZW50IjoicG9zdF9saW5rX3VybF9wcm9qZWN0Iiwic2V0dGluZ3MiOnsicG9zdF9pZCI6IjEwMDAwMDAyMjM0In19@&#8220; button_text=&#8220;Mehr lesen&#8220; button_alignment=&#8220;center&#8220; _builder_version=&#8220;4.21.0&#8243; _dynamic_attributes=&#8220;button_url&#8220; _module_preset=&#8220;default&#8220; custom_button=&#8220;on&#8220; button_text_color=&#8220;#FFFFFF&#8220; button_border_radius=&#8220;31px&#8220; custom_margin=&#8220;10%||||false|false&#8220; global_colors_info=&#8220;{}&#8220;][\/et_pb_button][\/et_pb_column][et_pb_column type=&#8220;1_4&#8243; module_class=&#8220;hover-colomn&#8220; _builder_version=&#8220;4.21.0&#8243; _dynamic_attributes=&#8220;link_option_url&#8220; _module_preset=&#8220;default&#8220; use_background_color_gradient=&#8220;on&#8220; background_color_gradient_stops=&#8220;rgba(0,139,210,0.84) 0%|rgba(0,139,210,0.85) 100%&#8220; background_color_gradient_overlays_image=&#8220;on&#8220; background_image=&#8220;https:\/\/www.van-osch-uden.nl\/wp-content\/uploads\/2023\/09\/Van-Eijk-Nederweert.jpg&#8220; custom_padding=&#8220;2%|2%|2%|2%|true|true&#8220; animation_style=&#8220;fade&#8220; link_option_url=&#8220;@ET-DC@eyJkeW5hbWljIjp0cnVlLCJjb250ZW50IjoicG9zdF9saW5rX3VybF9wcm9qZWN0Iiwic2V0dGluZ3MiOnsicG9zdF9pZCI6IjEwMDAwMDAyMjQ4In19@&#8220; global_colors_info=&#8220;{}&#8220; background__hover_enabled=&#8220;on|hover&#8220; use_background_color_gradient__hover=&#8220;on&#8220; background_color_gradient_stops__hover=&#8220;rgba(0,139,210,0.55) 0%|rgba(0,139,210,0.55) 100%&#8220; background_image__hover=&#8220;https:\/\/www.van-osch-uden.nl\/wp-content\/uploads\/2023\/09\/Van-Eijk-Nederweert.jpg&#8220; background_enable_image__hover=&#8220;on&#8220; parallax__hover=&#8220;off&#8220;][et_pb_image src=&#8220;https:\/\/www.van-osch-uden.nl\/wp-content\/uploads\/2023\/06\/vanosch-vleesvarkens-wit.svg&#8220; alt=&#8220;vanosch-vleesvarkens-zw&#8220; title_text=&#8220;vanosch-vleesvarkens-zw&#8220; _builder_version=&#8220;4.21.0&#8243; _module_preset=&#8220;default&#8220; width=&#8220;50%&#8220; module_alignment=&#8220;center&#8220; custom_margin=&#8220;||20px|||&#8220; global_colors_info=&#8220;{}&#8220; transform_styles__hover_enabled=&#8220;on|hover&#8220; transform_scale__hover=&#8220;110%|110%&#8220; transform_scale__hover_enabled=&#8220;on|hover&#8220; transform_translate__hover_enabled=&#8220;on|hover&#8220; transform_rotate__hover_enabled=&#8220;on|hover&#8220; transform_skew__hover_enabled=&#8220;on|hover&#8220; transform_origin__hover_enabled=&#8220;on|hover&#8220; src__hover_enabled=&#8220;on|hover&#8220; src__hover=&#8220;https:\/\/www.van-osch-uden.nl\/wp-content\/uploads\/2023\/06\/vanosch-vleesvarkens-zw.svg&#8220;][\/et_pb_image][et_pb_text _builder_version=&#8220;4.21.0&#8243; _module_preset=&#8220;default&#8220; text_font=&#8220;Cairo|300|||||||&#8220; text_text_color=&#8220;#FFFFFF&#8220; text_font_size=&#8220;18px&#8220; header_2_font=&#8220;Cairo|300|||||||&#8220; header_2_text_align=&#8220;center&#8220; header_2_text_color=&#8220;#FFFFFF&#8220; header_2_font_size=&#8220;35px&#8220; text_orientation=&#8220;center&#8220; global_colors_info=&#8220;{}&#8220;]<\/p>\n<h2>Van Eijk Nederweert <br \/>\n<\/h2>\n<p>[\/et_pb_text][et_pb_button button_url=&#8220;@ET-DC@eyJkeW5hbWljIjp0cnVlLCJjb250ZW50IjoicG9zdF9saW5rX3VybF9wcm9qZWN0Iiwic2V0dGluZ3MiOnsicG9zdF9pZCI6IjEwMDAwMDAyMjQ4In19@&#8220; button_text=&#8220;Mehr lesen&#8220; button_alignment=&#8220;center&#8220; _builder_version=&#8220;4.21.0&#8243; _dynamic_attributes=&#8220;button_url&#8220; _module_preset=&#8220;default&#8220; custom_button=&#8220;on&#8220; button_text_color=&#8220;#FFFFFF&#8220; button_border_radius=&#8220;31px&#8220; custom_margin=&#8220;10%||||false|false&#8220; global_colors_info=&#8220;{}&#8220;][\/et_pb_button][\/et_pb_column][\/et_pb_row][\/et_pb_section][et_pb_section fb_built=&#8220;1&#8243; admin_label=&#8220;Icon section&#8220; _builder_version=&#8220;4.16&#8243; background_color=&#8220;#333333&#8243; background_enable_image=&#8220;off&#8220; background_position=&#8220;top_center&#8220; custom_padding=&#8220;||||false|false&#8220; saved_tabs=&#8220;all&#8220; locked=&#8220;off&#8220; global_colors_info=&#8220;{}&#8220;][et_pb_row column_structure=&#8220;1_5,1_5,1_5,1_5,1_5&#8243; use_custom_gutter=&#8220;on&#8220; gutter_width=&#8220;2&#8243; admin_label=&#8220;Icon row&#8220; module_class=&#8220;two-colomns&#8220; _builder_version=&#8220;4.18.1&#8243; positioning=&#8220;none&#8220; position_origin_a=&#8220;center_left&#8220; width=&#8220;100%&#8220; max_width=&#8220;90%&#8220; module_alignment=&#8220;center&#8220; custom_padding=&#8220;4px|||||&#8220; custom_css_main_element=&#8220;display:flex;&#8220; locked=&#8220;off&#8220; global_colors_info=&#8220;{}&#8220; header_2_text_align_phone=&#8220;center&#8220; header_2_text_align_last_edited=&#8220;on|phone&#8220;][et_pb_column type=&#8220;1_5&#8243; _builder_version=&#8220;4.16&#8243; custom_padding=&#8220;|||&#8220; global_colors_info=&#8220;{}&#8220; custom_padding__hover=&#8220;|||&#8220;][et_pb_image src=&#8220;https:\/\/www.van-osch-uden.nl\/wp-content\/uploads\/2023\/06\/vanosch-dragende-zeugen-wit.svg&#8220; alt=&#8220;vanosch-dragende-zeugen-wit&#8220; title_text=&#8220;vanosch-dragende-zeugen-wit&#8220; url=&#8220;@ET-DC@eyJkeW5hbWljIjp0cnVlLCJjb250ZW50IjoicG9zdF9saW5rX3VybF9wYWdlIiwic2V0dGluZ3MiOnsicG9zdF9pZCI6IjEwMDAwMDAxMjQ5In19@&#8220; align=&#8220;center&#8220; _builder_version=&#8220;4.21.0&#8243; _dynamic_attributes=&#8220;url&#8220; _module_preset=&#8220;default&#8220; width=&#8220;70%&#8220; width_tablet=&#8220;&#8220; width_phone=&#8220;50%&#8220; width_last_edited=&#8220;on|phone&#8220; module_alignment_tablet=&#8220;&#8220; module_alignment_phone=&#8220;center&#8220; module_alignment_last_edited=&#8220;on|phone&#8220; global_colors_info=&#8220;{}&#8220; transform_styles__hover_enabled=&#8220;on|hover&#8220; transform_scale__hover=&#8220;109%|109%&#8220; transform_scale__hover_enabled=&#8220;on|hover&#8220; transform_translate__hover_enabled=&#8220;on|desktop&#8220; transform_rotate__hover_enabled=&#8220;on|desktop&#8220; transform_skew__hover_enabled=&#8220;on|desktop&#8220; transform_origin__hover_enabled=&#8220;on|desktop&#8220;][\/et_pb_image][et_pb_text _builder_version=&#8220;4.21.0&#8243; _dynamic_attributes=&#8220;link_option_url&#8220; _module_preset=&#8220;default&#8220; text_font=&#8220;Cairo|300|||||||&#8220; text_text_color=&#8220;#FFFFFF&#8220; text_font_size=&#8220;28px&#8220; header_2_font=&#8220;Raleway|900||on|||||&#8220; header_2_text_color=&#8220;#FFFFFF&#8220; header_2_font_size=&#8220;22px&#8220; text_orientation=&#8220;center&#8220; module_alignment=&#8220;left&#8220; link_option_url=&#8220;@ET-DC@eyJkeW5hbWljIjp0cnVlLCJjb250ZW50IjoicG9zdF9saW5rX3VybF9wYWdlIiwic2V0dGluZ3MiOnsicG9zdF9pZCI6IjEwMDAwMDAxMjQ5In19@&#8220; header_2_text_align_tablet=&#8220;&#8220; header_2_text_align_phone=&#8220;center&#8220; header_2_text_align_last_edited=&#8220;on|phone&#8220; global_colors_info=&#8220;{}&#8220; header_2_2_text_align_phone=&#8220;center&#8220; header_3_2_text_align_phone=&#8220;center&#8220; header_4_2_text_align_phone=&#8220;center&#8220; header_5_2_text_align_phone=&#8220;center&#8220; header_6_2_text_align_phone=&#8220;center&#8220; header_2_2_text_align_last_edited=&#8220;on|phone&#8220; header_3_2_text_align_last_edited=&#8220;on|phone&#8220; header_4_2_text_align_last_edited=&#8220;on|phone&#8220; header_5_2_text_align_last_edited=&#8220;on|phone&#8220; header_6_2_text_align_last_edited=&#8220;on|phone&#8220; text_text_color__hover_enabled=&#8220;off|hover&#8220; header_2_text_color__hover_enabled=&#8220;on|hover&#8220; header_2_text_color__hover=&#8220;#FF9000&#8243;]Tr\u00e4chtige Sauen[\/et_pb_text][\/et_pb_column][et_pb_column type=&#8220;1_5&#8243; _builder_version=&#8220;4.16&#8243; custom_padding=&#8220;|||&#8220; global_colors_info=&#8220;{}&#8220; custom_padding__hover=&#8220;|||&#8220;][et_pb_image src=&#8220;https:\/\/www.van-osch-uden.nl\/wp-content\/uploads\/2023\/06\/vanosch-kraamzeugen-wit.svg&#8220; alt=&#8220;vanosch-kraamzeugen-wit&#8220; title_text=&#8220;vanosch-kraamzeugen-wit&#8220; url=&#8220;@ET-DC@eyJkeW5hbWljIjp0cnVlLCJjb250ZW50IjoicG9zdF9saW5rX3VybF9wYWdlIiwic2V0dGluZ3MiOnsicG9zdF9pZCI6IjEwMDAwMDAxNzIyIn19@&#8220; align=&#8220;center&#8220; _builder_version=&#8220;4.21.0&#8243; _dynamic_attributes=&#8220;url&#8220; _module_preset=&#8220;default&#8220; width=&#8220;70%&#8220; width_tablet=&#8220;&#8220; width_phone=&#8220;50%&#8220; width_last_edited=&#8220;on|phone&#8220; module_alignment_tablet=&#8220;&#8220; module_alignment_phone=&#8220;center&#8220; module_alignment_last_edited=&#8220;on|phone&#8220; global_colors_info=&#8220;{}&#8220; transform_styles__hover_enabled=&#8220;on|hover&#8220; transform_scale__hover=&#8220;109%|109%&#8220; transform_scale__hover_enabled=&#8220;on|hover&#8220; transform_translate__hover_enabled=&#8220;on|desktop&#8220; transform_rotate__hover_enabled=&#8220;on|desktop&#8220; transform_skew__hover_enabled=&#8220;on|desktop&#8220; transform_origin__hover_enabled=&#8220;on|desktop&#8220;][\/et_pb_image][et_pb_text _builder_version=&#8220;4.21.0&#8243; _dynamic_attributes=&#8220;link_option_url&#8220; _module_preset=&#8220;default&#8220; text_font=&#8220;Cairo|300|||||||&#8220; text_text_color=&#8220;#FFFFFF&#8220; text_font_size=&#8220;28px&#8220; header_2_font=&#8220;Raleway|900||on|||||&#8220; header_2_text_color=&#8220;#FFFFFF&#8220; header_2_font_size=&#8220;22px&#8220; text_orientation=&#8220;center&#8220; module_alignment=&#8220;left&#8220; link_option_url=&#8220;@ET-DC@eyJkeW5hbWljIjp0cnVlLCJjb250ZW50IjoicG9zdF9saW5rX3VybF9wYWdlIiwic2V0dGluZ3MiOnsicG9zdF9pZCI6IjEwMDAwMDAxNzIyIn19@&#8220; header_2_text_align_tablet=&#8220;&#8220; header_2_text_align_phone=&#8220;center&#8220; header_2_text_align_last_edited=&#8220;on|phone&#8220; global_colors_info=&#8220;{}&#8220; header_2_2_text_align_phone=&#8220;center&#8220; header_3_2_text_align_phone=&#8220;center&#8220; header_4_2_text_align_phone=&#8220;center&#8220; header_5_2_text_align_phone=&#8220;center&#8220; header_6_2_text_align_phone=&#8220;center&#8220; header_2_2_text_align_last_edited=&#8220;on|phone&#8220; header_3_2_text_align_last_edited=&#8220;on|phone&#8220; header_4_2_text_align_last_edited=&#8220;on|phone&#8220; header_5_2_text_align_last_edited=&#8220;on|phone&#8220; header_6_2_text_align_last_edited=&#8220;on|phone&#8220; text_text_color__hover_enabled=&#8220;off|hover&#8220; header_2_text_color__hover_enabled=&#8220;on|hover&#8220; header_2_text_color__hover=&#8220;#FF9000&#8243;]Zuchtsauen[\/et_pb_text][\/et_pb_column][et_pb_column type=&#8220;1_5&#8243; _builder_version=&#8220;4.16&#8243; custom_padding=&#8220;|||&#8220; global_colors_info=&#8220;{}&#8220; custom_padding__hover=&#8220;|||&#8220;][et_pb_image src=&#8220;https:\/\/www.van-osch-uden.nl\/wp-content\/uploads\/2023\/06\/vanosch-biggen-wit.svg&#8220; alt=&#8220;vanosch-biggen-wit&#8220; title_text=&#8220;vanosch-biggen-wit&#8220; url=&#8220;@ET-DC@eyJkeW5hbWljIjp0cnVlLCJjb250ZW50IjoicG9zdF9saW5rX3VybF9wYWdlIiwic2V0dGluZ3MiOnsicG9zdF9pZCI6IjEwMDAwMDAxNzM4In19@&#8220; align=&#8220;center&#8220; _builder_version=&#8220;4.21.0&#8243; _dynamic_attributes=&#8220;url&#8220; _module_preset=&#8220;default&#8220; width=&#8220;70%&#8220; width_tablet=&#8220;&#8220; width_phone=&#8220;50%&#8220; width_last_edited=&#8220;on|phone&#8220; module_alignment_tablet=&#8220;&#8220; module_alignment_phone=&#8220;center&#8220; module_alignment_last_edited=&#8220;on|phone&#8220; global_colors_info=&#8220;{}&#8220; transform_styles__hover_enabled=&#8220;on|hover&#8220; transform_scale__hover=&#8220;109%|109%&#8220; transform_scale__hover_enabled=&#8220;on|hover&#8220; transform_translate__hover_enabled=&#8220;on|desktop&#8220; transform_rotate__hover_enabled=&#8220;on|desktop&#8220; transform_skew__hover_enabled=&#8220;on|desktop&#8220; transform_origin__hover_enabled=&#8220;on|desktop&#8220;][\/et_pb_image][et_pb_text _builder_version=&#8220;4.21.0&#8243; _dynamic_attributes=&#8220;link_option_url&#8220; _module_preset=&#8220;default&#8220; text_font=&#8220;Cairo|300|||||||&#8220; text_text_color=&#8220;#FFFFFF&#8220; text_font_size=&#8220;28px&#8220; header_2_font=&#8220;Raleway|900||on|||||&#8220; header_2_text_color=&#8220;#FFFFFF&#8220; header_2_font_size=&#8220;22px&#8220; text_orientation=&#8220;center&#8220; module_alignment=&#8220;left&#8220; link_option_url=&#8220;@ET-DC@eyJkeW5hbWljIjp0cnVlLCJjb250ZW50IjoicG9zdF9saW5rX3VybF9wYWdlIiwic2V0dGluZ3MiOnsicG9zdF9pZCI6IjEwMDAwMDAxNzM4In19@&#8220; header_2_text_align_tablet=&#8220;&#8220; header_2_text_align_phone=&#8220;center&#8220; header_2_text_align_last_edited=&#8220;on|phone&#8220; global_colors_info=&#8220;{}&#8220; header_2_2_text_align_phone=&#8220;center&#8220; header_3_2_text_align_phone=&#8220;center&#8220; header_4_2_text_align_phone=&#8220;center&#8220; header_5_2_text_align_phone=&#8220;center&#8220; header_6_2_text_align_phone=&#8220;center&#8220; header_2_2_text_align_last_edited=&#8220;on|phone&#8220; header_3_2_text_align_last_edited=&#8220;on|phone&#8220; header_4_2_text_align_last_edited=&#8220;on|phone&#8220; header_5_2_text_align_last_edited=&#8220;on|phone&#8220; header_6_2_text_align_last_edited=&#8220;on|phone&#8220; text_text_color__hover_enabled=&#8220;off|hover&#8220; header_2_text_color__hover_enabled=&#8220;on|hover&#8220; header_2_text_color__hover=&#8220;#FF9000&#8243;]Ferkel[\/et_pb_text][\/et_pb_column][et_pb_column type=&#8220;1_5&#8243; _builder_version=&#8220;4.16&#8243; custom_padding=&#8220;|||&#8220; global_colors_info=&#8220;{}&#8220; custom_padding__hover=&#8220;|||&#8220;][et_pb_image src=&#8220;https:\/\/www.van-osch-uden.nl\/wp-content\/uploads\/2023\/06\/vanosch-vleesvarkens-wit.svg&#8220; alt=&#8220;vanosch-vleesvarkens-wit&#8220; title_text=&#8220;vanosch-vleesvarkens-wit&#8220; url=&#8220;@ET-DC@eyJkeW5hbWljIjp0cnVlLCJjb250ZW50IjoicG9zdF9saW5rX3VybF9wYWdlIiwic2V0dGluZ3MiOnsicG9zdF9pZCI6IjEwMDAwMDAxNzQzIn19@&#8220; align=&#8220;center&#8220; _builder_version=&#8220;4.21.0&#8243; _dynamic_attributes=&#8220;url&#8220; _module_preset=&#8220;default&#8220; width=&#8220;70%&#8220; width_tablet=&#8220;&#8220; width_phone=&#8220;50%&#8220; width_last_edited=&#8220;on|phone&#8220; module_alignment_tablet=&#8220;&#8220; module_alignment_phone=&#8220;center&#8220; module_alignment_last_edited=&#8220;on|phone&#8220; global_colors_info=&#8220;{}&#8220; transform_styles__hover_enabled=&#8220;on|hover&#8220; transform_scale__hover=&#8220;109%|109%&#8220; transform_scale__hover_enabled=&#8220;on|hover&#8220; transform_translate__hover_enabled=&#8220;on|desktop&#8220; transform_rotate__hover_enabled=&#8220;on|desktop&#8220; transform_skew__hover_enabled=&#8220;on|desktop&#8220; transform_origin__hover_enabled=&#8220;on|desktop&#8220;][\/et_pb_image][et_pb_text _builder_version=&#8220;4.21.0&#8243; _dynamic_attributes=&#8220;link_option_url&#8220; _module_preset=&#8220;default&#8220; text_font=&#8220;Cairo|300|||||||&#8220; text_text_color=&#8220;#FFFFFF&#8220; text_font_size=&#8220;28px&#8220; header_2_font=&#8220;Raleway|900||on|||||&#8220; header_2_text_color=&#8220;#FFFFFF&#8220; header_2_font_size=&#8220;22px&#8220; text_orientation=&#8220;center&#8220; module_alignment=&#8220;left&#8220; link_option_url=&#8220;@ET-DC@eyJkeW5hbWljIjp0cnVlLCJjb250ZW50IjoicG9zdF9saW5rX3VybF9wYWdlIiwic2V0dGluZ3MiOnsicG9zdF9pZCI6IjEwMDAwMDAxNzQzIn19@&#8220; header_2_text_align_tablet=&#8220;&#8220; header_2_text_align_phone=&#8220;center&#8220; header_2_text_align_last_edited=&#8220;on|phone&#8220; global_colors_info=&#8220;{}&#8220; header_2_2_text_align_phone=&#8220;center&#8220; header_3_2_text_align_phone=&#8220;center&#8220; header_4_2_text_align_phone=&#8220;center&#8220; header_5_2_text_align_phone=&#8220;center&#8220; header_6_2_text_align_phone=&#8220;center&#8220; header_2_2_text_align_last_edited=&#8220;on|phone&#8220; header_3_2_text_align_last_edited=&#8220;on|phone&#8220; header_4_2_text_align_last_edited=&#8220;on|phone&#8220; header_5_2_text_align_last_edited=&#8220;on|phone&#8220; header_6_2_text_align_last_edited=&#8220;on|phone&#8220; text_text_color__hover_enabled=&#8220;off|hover&#8220; header_2_text_color__hover_enabled=&#8220;on|hover&#8220; header_2_text_color__hover=&#8220;#FF9000&#8243;]Mastschweine[\/et_pb_text][\/et_pb_column][et_pb_column type=&#8220;1_5&#8243; _builder_version=&#8220;4.16&#8243; custom_padding=&#8220;|||&#8220; global_colors_info=&#8220;{}&#8220; custom_padding__hover=&#8220;|||&#8220;][et_pb_image src=&#8220;https:\/\/www.van-osch-uden.nl\/wp-content\/uploads\/2023\/06\/vanosch-rvs-wit.svg&#8220; alt=&#8220;vanosch-rvs-wit&#8220; title_text=&#8220;vanosch-rvs-wit&#8220; url=&#8220;@ET-DC@eyJkeW5hbWljIjp0cnVlLCJjb250ZW50IjoicG9zdF9saW5rX3VybF9wYWdlIiwic2V0dGluZ3MiOnsicG9zdF9pZCI6IjEwMDAwMDAxNzUxIn19@&#8220; align=&#8220;center&#8220; _builder_version=&#8220;4.21.0&#8243; _dynamic_attributes=&#8220;url&#8220; _module_preset=&#8220;default&#8220; width=&#8220;70%&#8220; width_tablet=&#8220;&#8220; width_phone=&#8220;50%&#8220; width_last_edited=&#8220;on|phone&#8220; module_alignment_tablet=&#8220;&#8220; module_alignment_phone=&#8220;center&#8220; module_alignment_last_edited=&#8220;on|phone&#8220; global_colors_info=&#8220;{}&#8220; transform_styles__hover_enabled=&#8220;on|hover&#8220; transform_scale__hover=&#8220;109%|109%&#8220; transform_scale__hover_enabled=&#8220;on|hover&#8220; transform_translate__hover_enabled=&#8220;on|desktop&#8220; transform_rotate__hover_enabled=&#8220;on|desktop&#8220; transform_skew__hover_enabled=&#8220;on|desktop&#8220; transform_origin__hover_enabled=&#8220;on|desktop&#8220;][\/et_pb_image][et_pb_text _builder_version=&#8220;4.21.0&#8243; _dynamic_attributes=&#8220;link_option_url&#8220; _module_preset=&#8220;default&#8220; text_font=&#8220;Cairo|300|||||||&#8220; text_text_color=&#8220;#FFFFFF&#8220; text_font_size=&#8220;28px&#8220; header_2_font=&#8220;Raleway|900||on|||||&#8220; header_2_text_color=&#8220;#FFFFFF&#8220; header_2_font_size=&#8220;22px&#8220; text_orientation=&#8220;center&#8220; module_alignment=&#8220;left&#8220; link_option_url=&#8220;@ET-DC@eyJkeW5hbWljIjp0cnVlLCJjb250ZW50IjoicG9zdF9saW5rX3VybF9wYWdlIiwic2V0dGluZ3MiOnsicG9zdF9pZCI6IjEwMDAwMDAxNzUxIn19@&#8220; header_2_text_align_tablet=&#8220;&#8220; header_2_text_align_phone=&#8220;center&#8220; header_2_text_align_last_edited=&#8220;on|phone&#8220; global_colors_info=&#8220;{}&#8220; header_2_2_text_align_phone=&#8220;center&#8220; header_3_2_text_align_phone=&#8220;center&#8220; header_4_2_text_align_phone=&#8220;center&#8220; header_5_2_text_align_phone=&#8220;center&#8220; header_6_2_text_align_phone=&#8220;center&#8220; header_2_2_text_align_last_edited=&#8220;on|phone&#8220; header_3_2_text_align_last_edited=&#8220;on|phone&#8220; header_4_2_text_align_last_edited=&#8220;on|phone&#8220; header_5_2_text_align_last_edited=&#8220;on|phone&#8220; header_6_2_text_align_last_edited=&#8220;on|phone&#8220; text_text_color__hover_enabled=&#8220;off|hover&#8220; header_2_text_color__hover_enabled=&#8220;on|hover&#8220; header_2_text_color__hover=&#8220;#FF9000&#8243;]Stalleinrichtung[\/et_pb_text][\/et_pb_column][\/et_pb_row][\/et_pb_section][et_pb_section fb_built=&#8220;1&#8243; _builder_version=&#8220;4.21.0&#8243; _module_preset=&#8220;default&#8220; background_color=&#8220;#dfe4e8&#8243; global_colors_info=&#8220;{}&#8220;][et_pb_row column_structure=&#8220;1_2,1_2&#8243; use_custom_gutter=&#8220;on&#8220; _builder_version=&#8220;4.21.0&#8243; _module_preset=&#8220;default&#8220; width=&#8220;100%&#8220; max_width=&#8220;70%&#8220; global_colors_info=&#8220;{}&#8220;][et_pb_column type=&#8220;1_2&#8243; _builder_version=&#8220;4.21.0&#8243; _module_preset=&#8220;default&#8220; global_colors_info=&#8220;{}&#8220;][et_pb_button button_text=&#8220;Informationen anfordern&#8220; button_alignment=&#8220;center&#8220; _builder_version=&#8220;4.21.0&#8243; _module_preset=&#8220;default&#8220; custom_button=&#8220;on&#8220; button_text_color=&#8220;#008bd2&#8243; button_border_radius=&#8220;31px&#8220; global_colors_info=&#8220;{}&#8220;][\/et_pb_button][\/et_pb_column][et_pb_column type=&#8220;1_2&#8243; _builder_version=&#8220;4.21.0&#8243; _module_preset=&#8220;default&#8220; global_colors_info=&#8220;{}&#8220;][et_pb_text _builder_version=&#8220;4.21.0&#8243; _module_preset=&#8220;default&#8220; text_font=&#8220;Cairo|300|||||||&#8220; text_text_color=&#8220;#333333&#8243; text_font_size=&#8220;18px&#8220; text_line_height=&#8220;1.8em&#8220; animation_style=&#8220;fold&#8220; animation_direction=&#8220;bottom&#8220; animation_intensity_fold=&#8220;20%&#8220; global_colors_info=&#8220;{}&#8220;]<\/p>\n<p>Ben\u00f6tigen Sie mehr Informationen \u00fcber die Produktion von Van Osch Uden oder m\u00f6chten gerne mehr \u00fcber unser Unternehmen erfahren? Kontaktieren Sie uns. Wir sind Ihnen gerne behilflich.  <\/p>\n<p>[\/et_pb_text][\/et_pb_column][\/et_pb_row][\/et_pb_section]<\/p>\n","protected":false},"excerpt":{"rendered":"<p>W\u00e4nde, T\u00fcren und Abschlussleisten W\u00e4nde, T\u00fcren und AbschlussleistenW\u00e4nde, T\u00fcren und Abschlussleisten W\u00e4nde, T\u00fcren und Abschlussleisten f\u00fcr Stalleinrichtungen erm\u00f6glichen es dem modernen Agrarunternehmer, den Stall gezielt aufzuteilen. Wir bieten ein breites Angebot an diversen PVC-W\u00e4nden, -T\u00fcren sowie Edelstahl-Abschlussleisten. Ferkelbuchten, Abferkelbuchten, Buchten f\u00fcr tr\u00e4chtige Sauen, ein Melkstand in einem Kuhstall: \u00dcberall im Stalls sind die Anforderungen unterschiedlich. [&hellip;]<\/p>\n","protected":false},"author":1,"featured_media":0,"parent":10000002965,"menu_order":0,"comment_status":"closed","ping_status":"closed","template":"","meta":{"_et_pb_use_builder":"on","_et_pb_old_content":"","_et_gb_content_width":"","inline_featured_image":false,"footnotes":""},"class_list":["post-10000002971","page","type-page","status-publish","hentry"],"_links":{"self":[{"href":"https:\/\/www.van-osch-uden.nl\/de\/wp-json\/wp\/v2\/pages\/10000002971","targetHints":{"allow":["GET"]}}],"collection":[{"href":"https:\/\/www.van-osch-uden.nl\/de\/wp-json\/wp\/v2\/pages"}],"about":[{"href":"https:\/\/www.van-osch-uden.nl\/de\/wp-json\/wp\/v2\/types\/page"}],"author":[{"embeddable":true,"href":"https:\/\/www.van-osch-uden.nl\/de\/wp-json\/wp\/v2\/users\/1"}],"replies":[{"embeddable":true,"href":"https:\/\/www.van-osch-uden.nl\/de\/wp-json\/wp\/v2\/comments?post=10000002971"}],"version-history":[{"count":3,"href":"https:\/\/www.van-osch-uden.nl\/de\/wp-json\/wp\/v2\/pages\/10000002971\/revisions"}],"predecessor-version":[{"id":10000003553,"href":"https:\/\/www.van-osch-uden.nl\/de\/wp-json\/wp\/v2\/pages\/10000002971\/revisions\/10000003553"}],"up":[{"embeddable":true,"href":"https:\/\/www.van-osch-uden.nl\/de\/wp-json\/wp\/v2\/pages\/10000002965"}],"wp:attachment":[{"href":"https:\/\/www.van-osch-uden.nl\/de\/wp-json\/wp\/v2\/media?parent=10000002971"}],"curies":[{"name":"wp","href":"https:\/\/api.w.org\/{rel}","templated":true}]}}