{"id":10000002987,"date":"2023-08-30T12:55:23","date_gmt":"2023-08-30T12:55:23","guid":{"rendered":"https:\/\/www.van-osch-uden.nl\/arbeiten-bei-van-osch\/"},"modified":"2023-12-05T13:46:14","modified_gmt":"2023-12-05T13:46:14","slug":"arbeiten-bei-van-osch","status":"publish","type":"page","link":"https:\/\/www.van-osch-uden.nl\/de\/arbeiten-bei-van-osch\/","title":{"rendered":"Arbeiten bei van Osch"},"content":{"rendered":"<p>[et_pb_section fb_built=&#8220;1&#8243; custom_padding_last_edited=&#8220;on|desktop&#8220; disabled_on=&#8220;on|on|off&#8220; admin_label=&#8220;Sectie desktop&#8220; _builder_version=&#8220;4.21.0&#8243; _module_preset=&#8220;default&#8220; background_image=&#8220;https:\/\/www.van-osch-uden.nl\/wp-content\/uploads\/2023\/06\/dragende-zeugen-header-scaled.jpg&#8220; custom_margin=&#8220;-150px||||false|false&#8220; custom_margin_tablet=&#8220;-150px||||false|false&#8220; custom_margin_phone=&#8220;-150px||||false|false&#8220; custom_margin_last_edited=&#8220;on|desktop&#8220; custom_padding=&#8220;14vw||6vw||false|false&#8220; custom_padding_tablet=&#8220;14vw||6vw||false|false&#8220; custom_padding_phone=&#8220;14vw||6vw||false|false&#8220; global_colors_info=&#8220;{}&#8220;][et_pb_row column_structure=&#8220;1_3,1_3,1_3&#8243; use_custom_gutter=&#8220;on&#8220; gutter_width=&#8220;1&#8243; make_equal=&#8220;on&#8220; _builder_version=&#8220;4.21.0&#8243; _module_preset=&#8220;default&#8220; width=&#8220;100%&#8220; max_width=&#8220;50%&#8220; global_colors_info=&#8220;{}&#8220;][et_pb_column type=&#8220;1_3&#8243; _builder_version=&#8220;4.21.0&#8243; _module_preset=&#8220;default&#8220; global_colors_info=&#8220;{}&#8220;][et_pb_image src=&#8220;https:\/\/www.van-osch-uden.nl\/wp-content\/uploads\/2023\/06\/vanOsch-logo-wit.svg&#8220; alt=&#8220;vanOsch-logo-wit&#8220; title_text=&#8220;vanOsch-logo-wit&#8220; _builder_version=&#8220;4.21.0&#8243; _module_preset=&#8220;default&#8220; width=&#8220;50%&#8220; global_colors_info=&#8220;{}&#8220;][\/et_pb_image][\/et_pb_column][et_pb_column type=&#8220;1_3&#8243; _builder_version=&#8220;4.21.0&#8243; _module_preset=&#8220;default&#8220; custom_css_main_element=&#8220;margin:auto;&#8220; global_colors_info=&#8220;{}&#8220;][et_pb_text _builder_version=&#8220;4.21.0&#8243; _module_preset=&#8220;default&#8220; header_font=&#8220;Cairo|600|||||||&#8220; header_text_color=&#8220;#FFFFFF&#8220; header_font_size=&#8220;3vw&#8220; global_colors_info=&#8220;{}&#8220;]<\/p>\n<h1>Arbeiten bei van Osch<\/h1>\n<p>[\/et_pb_text][\/et_pb_column][et_pb_column type=&#8220;1_3&#8243; _builder_version=&#8220;4.21.0&#8243; _module_preset=&#8220;default&#8220; custom_css_main_element=&#8220;margin:auto;&#8220; global_colors_info=&#8220;{}&#8220;][\/et_pb_column][\/et_pb_row][\/et_pb_section][et_pb_section fb_built=&#8220;1&#8243; custom_padding_last_edited=&#8220;on|desktop&#8220; disabled_on=&#8220;off|off|on&#8220; admin_label=&#8220;Sectie tablet, mobile&#8220; _builder_version=&#8220;4.21.0&#8243; _module_preset=&#8220;default&#8220; background_image=&#8220;https:\/\/www.van-osch-uden.nl\/wp-content\/uploads\/2023\/06\/dragende-zeugen-header-scaled.jpg&#8220; custom_margin=&#8220;||||false|false&#8220; custom_margin_tablet=&#8220;-150px||||false|false&#8220; custom_margin_phone=&#8220;-150px||||false|false&#8220; custom_margin_last_edited=&#8220;off|desktop&#8220; custom_padding=&#8220;14vw||6vw||false|false&#8220; custom_padding_tablet=&#8220;14vw||6vw||false|false&#8220; custom_padding_phone=&#8220;14vw||6vw||false|false&#8220; global_colors_info=&#8220;{}&#8220;][et_pb_row column_structure=&#8220;1_2,1_2&#8243; use_custom_gutter=&#8220;on&#8220; gutter_width=&#8220;1&#8243; make_equal=&#8220;on&#8220; module_class=&#8220;two-colomns&#8220; _builder_version=&#8220;4.21.0&#8243; _module_preset=&#8220;default&#8220; width=&#8220;100%&#8220; max_width=&#8220;90%&#8220; custom_css_main_element=&#8220;align-items: center !important;&#8220; global_colors_info=&#8220;{}&#8220;][et_pb_column type=&#8220;1_2&#8243; _builder_version=&#8220;4.21.0&#8243; _module_preset=&#8220;default&#8220; custom_css_before=&#8220;\t||&#8220; custom_css_after=&#8220;\t||&#8220; global_colors_info=&#8220;{}&#8220;][et_pb_text _builder_version=&#8220;4.21.0&#8243; _module_preset=&#8220;default&#8220; header_font=&#8220;Cairo|600|||||||&#8220; header_text_align=&#8220;center&#8220; header_text_color=&#8220;#FFFFFF&#8220; header_font_size=&#8220;7vw&#8220; global_colors_info=&#8220;{}&#8220;]<\/p>\n<h1>Arbeiten bei van Osch<br \/>\n<\/h1>\n<p>[\/et_pb_text][\/et_pb_column][et_pb_column type=&#8220;1_2&#8243; _builder_version=&#8220;4.21.0&#8243; _module_preset=&#8220;default&#8220; custom_css_main_element=&#8220;margin: auto;&#8220; global_colors_info=&#8220;{}&#8220;][\/et_pb_column][\/et_pb_row][\/et_pb_section][et_pb_section fb_built=&#8220;1&#8243; _builder_version=&#8220;4.21.0&#8243; _module_preset=&#8220;default&#8220; background_color=&#8220;#FFFFFF&#8220; global_colors_info=&#8220;{}&#8220;][et_pb_row column_structure=&#8220;1_2,1_2&#8243; use_custom_gutter=&#8220;on&#8220; gutter_width=&#8220;1&#8243; make_equal=&#8220;on&#8220; _builder_version=&#8220;4.23.1&#8243; _module_preset=&#8220;default&#8220; width=&#8220;100%&#8220; max_width=&#8220;70%&#8220; max_width_tablet=&#8220;70%&#8220; max_width_phone=&#8220;90%&#8220; max_width_last_edited=&#8220;on|phone&#8220; hover_enabled=&#8220;0&#8243; global_colors_info=&#8220;{}&#8220; sticky_enabled=&#8220;0&#8243;][et_pb_column type=&#8220;1_2&#8243; _builder_version=&#8220;4.23.1&#8243; _module_preset=&#8220;default&#8220; hover_enabled=&#8220;0&#8243; global_colors_info=&#8220;{}&#8220; sticky_enabled=&#8220;0&#8243;][et_pb_text _builder_version=&#8220;4.23&#8243; _module_preset=&#8220;default&#8220; text_font=&#8220;Cairo|300|||||||&#8220; text_text_color=&#8220;#333333&#8243; text_font_size=&#8220;18px&#8220; link_font=&#8220;Cairo|600|||||||&#8220; link_text_color=&#8220;#008BD2&#8243; link_font_size=&#8220;18px&#8220; header_2_font=&#8220;Cairo|300|||||||&#8220; header_2_text_color=&#8220;#008BD2&#8243; header_2_font_size=&#8220;28px&#8220; animation_style=&#8220;fold&#8220; animation_direction=&#8220;bottom&#8220; animation_intensity_fold=&#8220;20%&#8220; global_colors_info=&#8220;{}&#8220;]<\/p>\n<h2>Zeit, sich n\u00e4her kennenzulernen &#8230;<br \/>\n<\/h2>\n<p>Nicht zu gro\u00dfe Worte, sondern lieber Taten. Zusammenarbeiten, sich gegenseitig helfen. Hin und wieder mal ein Scherz. Und nach vollbrachter Arbeit sich gemeinsam \u00fcber das Ergebnis freuen. Ganz spontan am Ende eines Arbeitstages oder w\u00e4hrend des j\u00e4hrlichen Teamausflugs. Diese Arbeitskultur gef\u00e4llt Ihnen.      <\/p>\n<p>Genauso wie du dich in einem Umfeld wohlf\u00fchlst, das stolz auf die anderen, auf seine Kunden, Produkte und Dienstleistungen ist. Du bist lernbegierig und h\u00e4ltst es f\u00fcr sehr wichtig, dass du den individuellen Freiraum und die M\u00f6glichkeiten bekommst, dich jeden Tag weiterzuentwickeln: als Kollege, als Fachkraft und als Mensch.   <\/p>\n<p>Kurz gesagt: Es ist Zeit, uns, Van Osch, besser kennenzulernen. Ein Kennenlernen im Allgemeinen oder im Besonderen f\u00fcr die derzeitige Stelle :[\/et_pb_text][\/et_pb_column][et_pb_column type=&#8220;1_2&#8243; _builder_version=&#8220;4.21.0&#8243; _module_preset=&#8220;default&#8220; background_enable_color=&#8220;off&#8220; custom_css_main_element=&#8220;  margin: auto;&#8220; global_colors_info=&#8220;{}&#8220;][et_pb_image src=&#8220;https:\/\/www.van-osch-uden.nl\/wp-content\/uploads\/2023\/11\/werken-bij-van-osch.jpg&#8220; alt=&#8220;werken-bij-van-osch&#8220; title_text=&#8220;werken-bij-van-osch&#8220; align=&#8220;center&#8220; _builder_version=&#8220;4.23.1&#8243; _module_preset=&#8220;default&#8220; width=&#8220;80%&#8220; width_tablet=&#8220;40%&#8220; width_phone=&#8220;90%&#8220; width_last_edited=&#8220;on|phone&#8220; module_alignment=&#8220;center&#8220; custom_padding_tablet=&#8220;&#8220; custom_padding_phone=&#8220;20px||||false|false&#8220; custom_padding_last_edited=&#8220;on|phone&#8220; animation_style=&#8220;fade&#8220; animation_duration=&#8220;1300ms&#8220; hover_enabled=&#8220;0&#8243; global_colors_info=&#8220;{}&#8220; sticky_enabled=&#8220;0&#8243;][\/et_pb_image][\/et_pb_column][\/et_pb_row][et_pb_row column_structure=&#8220;1_2,1_2&#8243; use_custom_gutter=&#8220;on&#8220; gutter_width=&#8220;1&#8243; make_equal=&#8220;on&#8220; _builder_version=&#8220;4.21.0&#8243; _module_preset=&#8220;default&#8220; width=&#8220;100%&#8220; max_width=&#8220;70%&#8220; max_width_tablet=&#8220;70%&#8220; max_width_phone=&#8220;90%&#8220; max_width_last_edited=&#8220;on|phone&#8220; custom_margin=&#8220;||||false|false&#8220; custom_padding=&#8220;||||false|false&#8220; global_colors_info=&#8220;{}&#8220;][et_pb_column type=&#8220;1_2&#8243; _builder_version=&#8220;4.21.0&#8243; _module_preset=&#8220;default&#8220; custom_css_main_element=&#8220;  margin: auto;&#8220; global_colors_info=&#8220;{}&#8220;][et_pb_blurb title=&#8220;Produktionsschwei\u00dfer&#8220; url=&#8220;https:\/\/www.van-osch-uden.nl\/werken-bij\/vacature-productielasser\/&#8220; url_new_window=&#8220;on&#8220; image=&#8220;https:\/\/www.van-osch-uden.nl\/wp-content\/uploads\/2023\/09\/RVS-header.jpg&#8220; alt=&#8220;RVS-header&#8220; _builder_version=&#8220;4.21.0&#8243; _module_preset=&#8220;default&#8220; header_font=&#8220;Cairo||||||||&#8220; header_text_color=&#8220;#008BD2&#8243; header_font_size=&#8220;24px&#8220; body_font=&#8220;Cairo||||||||&#8220; body_text_color=&#8220;#333333&#8243; body_font_size=&#8220;18px&#8220; body_link_font=&#8220;Cairo|600|||||||&#8220; body_link_text_color=&#8220;#008BD2&#8243; body_link_font_size=&#8220;18px&#8220; link_option_url=&#8220;https:\/\/www.van-osch-uden.nl\/werken-bij\/vacature-productielasser\/&#8220; link_option_url_new_window=&#8220;on&#8220; global_colors_info=&#8220;{}&#8220;]<\/p>\n<p>F\u00fcr die Produktion unserer Projekte suchen wir einen Produktionsschwei\u00dfer<br \/>\n(m\/w) 40 Stunden<\/p>\n<p>[\/et_pb_blurb][\/et_pb_column][et_pb_column type=&#8220;1_2&#8243; _builder_version=&#8220;4.21.0&#8243; _module_preset=&#8220;default&#8220; background_enable_color=&#8220;off&#8220; custom_css_main_element=&#8220;  margin: auto;&#8220; global_colors_info=&#8220;{}&#8220;][\/et_pb_column][\/et_pb_row][\/et_pb_section][et_pb_section fb_built=&#8220;1&#8243; _builder_version=&#8220;4.21.0&#8243; _module_preset=&#8220;default&#8220; background_color=&#8220;#dfe4e8&#8243; global_colors_info=&#8220;{}&#8220;][et_pb_row column_structure=&#8220;1_2,1_2&#8243; use_custom_gutter=&#8220;on&#8220; _builder_version=&#8220;4.21.0&#8243; _module_preset=&#8220;default&#8220; width=&#8220;100%&#8220; max_width=&#8220;70%&#8220; global_colors_info=&#8220;{}&#8220;][et_pb_column type=&#8220;1_2&#8243; _builder_version=&#8220;4.21.0&#8243; _module_preset=&#8220;default&#8220; global_colors_info=&#8220;{}&#8220;][et_pb_button button_text=&#8220;Informationen anfordern&#8220; button_alignment=&#8220;center&#8220; _builder_version=&#8220;4.23.1&#8243; _module_preset=&#8220;default&#8220; custom_button=&#8220;on&#8220; button_text_color=&#8220;#008bd2&#8243; button_border_radius=&#8220;31px&#8220; hover_enabled=&#8220;0&#8243; global_colors_info=&#8220;{}&#8220; button_url=&#8220;https:\/\/www.van-osch-uden.nl\/de\/kontakt\/&#8220; sticky_enabled=&#8220;0&#8243;][\/et_pb_button][\/et_pb_column][et_pb_column type=&#8220;1_2&#8243; _builder_version=&#8220;4.21.0&#8243; _module_preset=&#8220;default&#8220; global_colors_info=&#8220;{}&#8220;][et_pb_text _builder_version=&#8220;4.23&#8243; _module_preset=&#8220;default&#8220; text_font=&#8220;Cairo|300|||||||&#8220; text_text_color=&#8220;#333333&#8243; text_font_size=&#8220;18px&#8220; text_line_height=&#8220;1.8em&#8220; animation_style=&#8220;fold&#8220; animation_direction=&#8220;bottom&#8220; animation_intensity_fold=&#8220;20%&#8220; global_colors_info=&#8220;{}&#8220;]<\/p>\n<p>Ben\u00f6tigen Sie mehr Informationen \u00fcber die Produktion von Van Osch oder m\u00f6chten gerne mehr \u00fcber unser Unternehmen erfahren? Kontaktieren Sie uns. Wir sind Ihnen gerne behilflich.<\/p>\n<p>[\/et_pb_text][\/et_pb_column][\/et_pb_row][\/et_pb_section]<\/p>\n","protected":false},"excerpt":{"rendered":"<p>Arbeiten bei van OschArbeiten bei van Osch Zeit, sich n\u00e4her kennenzulernen &#8230; Nicht zu gro\u00dfe Worte, sondern lieber Taten. Zusammenarbeiten, sich gegenseitig helfen. Hin und wieder mal ein Scherz. Und nach vollbrachter Arbeit sich gemeinsam \u00fcber das Ergebnis freuen. Ganz spontan am Ende eines Arbeitstages oder w\u00e4hrend des j\u00e4hrlichen Teamausflugs. Diese Arbeitskultur gef\u00e4llt Ihnen. Genauso [&hellip;]<\/p>\n","protected":false},"author":1,"featured_media":0,"parent":0,"menu_order":0,"comment_status":"closed","ping_status":"closed","template":"","meta":{"_et_pb_use_builder":"on","_et_pb_old_content":"","_et_gb_content_width":"","inline_featured_image":false,"footnotes":""},"class_list":["post-10000002987","page","type-page","status-publish","hentry"],"_links":{"self":[{"href":"https:\/\/www.van-osch-uden.nl\/de\/wp-json\/wp\/v2\/pages\/10000002987","targetHints":{"allow":["GET"]}}],"collection":[{"href":"https:\/\/www.van-osch-uden.nl\/de\/wp-json\/wp\/v2\/pages"}],"about":[{"href":"https:\/\/www.van-osch-uden.nl\/de\/wp-json\/wp\/v2\/types\/page"}],"author":[{"embeddable":true,"href":"https:\/\/www.van-osch-uden.nl\/de\/wp-json\/wp\/v2\/users\/1"}],"replies":[{"embeddable":true,"href":"https:\/\/www.van-osch-uden.nl\/de\/wp-json\/wp\/v2\/comments?post=10000002987"}],"version-history":[{"count":7,"href":"https:\/\/www.van-osch-uden.nl\/de\/wp-json\/wp\/v2\/pages\/10000002987\/revisions"}],"predecessor-version":[{"id":10000003536,"href":"https:\/\/www.van-osch-uden.nl\/de\/wp-json\/wp\/v2\/pages\/10000002987\/revisions\/10000003536"}],"wp:attachment":[{"href":"https:\/\/www.van-osch-uden.nl\/de\/wp-json\/wp\/v2\/media?parent=10000002987"}],"curies":[{"name":"wp","href":"https:\/\/api.w.org\/{rel}","templated":true}]}}