{"id":10000003022,"date":"2023-08-30T11:44:52","date_gmt":"2023-08-30T11:44:52","guid":{"rendered":"https:\/\/www.van-osch-uden.nl\/massarbeit\/"},"modified":"2023-12-05T13:37:21","modified_gmt":"2023-12-05T13:37:21","slug":"massarbeit","status":"publish","type":"page","link":"https:\/\/www.van-osch-uden.nl\/de\/massarbeit\/","title":{"rendered":"Ma\u00dfarbeit"},"content":{"rendered":"<p>[et_pb_section fb_built=&#8220;1&#8243; custom_padding_last_edited=&#8220;on|desktop&#8220; disabled_on=&#8220;on|on|off&#8220; admin_label=&#8220;Sectie desktop&#8220; _builder_version=&#8220;4.21.0&#8243; _module_preset=&#8220;default&#8220; background_color=&#8220;RGBA(255,255,255,0)&#8220; use_background_color_gradient=&#8220;on&#8220; background_color_gradient_stops=&#8220;rgba(51,51,51,0.9) 0%|rgba(33,33,33,0.9) 100%&#8220; background_color_gradient_overlays_image=&#8220;on&#8220; background_image=&#8220;https:\/\/www.van-osch-uden.nl\/wp-content\/uploads\/2023\/09\/maatwerk-header.jpg&#8220; custom_margin=&#8220;-150px||||false|false&#8220; custom_margin_tablet=&#8220;-150px||||false|false&#8220; custom_margin_phone=&#8220;-150px||||false|false&#8220; custom_margin_last_edited=&#8220;on|desktop&#8220; custom_padding=&#8220;14vw||6vw||false|false&#8220; custom_padding_tablet=&#8220;14vw||6vw||false|false&#8220; custom_padding_phone=&#8220;14vw||6vw||false|false&#8220; global_colors_info=&#8220;{}&#8220;][et_pb_row column_structure=&#8220;1_3,1_3,1_3&#8243; use_custom_gutter=&#8220;on&#8220; gutter_width=&#8220;1&#8243; make_equal=&#8220;on&#8220; _builder_version=&#8220;4.21.0&#8243; _module_preset=&#8220;default&#8220; width=&#8220;100%&#8220; max_width=&#8220;50%&#8220; global_colors_info=&#8220;{}&#8220;][et_pb_column type=&#8220;1_3&#8243; _builder_version=&#8220;4.21.0&#8243; _module_preset=&#8220;default&#8220; global_colors_info=&#8220;{}&#8220;][et_pb_image src=&#8220;https:\/\/www.van-osch-uden.nl\/wp-content\/uploads\/2023\/06\/vanOsch-logo-wit.svg&#8220; alt=&#8220;vanOsch-logo-wit&#8220; title_text=&#8220;vanOsch-logo-wit&#8220; _builder_version=&#8220;4.23.1&#8243; _module_preset=&#8220;default&#8220; width=&#8220;50%&#8220; hover_enabled=&#8220;0&#8243; global_colors_info=&#8220;{}&#8220; sticky_enabled=&#8220;0&#8243;][\/et_pb_image][\/et_pb_column][et_pb_column type=&#8220;1_3&#8243; _builder_version=&#8220;4.21.0&#8243; _module_preset=&#8220;default&#8220; custom_css_main_element=&#8220;margin:auto;&#8220; global_colors_info=&#8220;{}&#8220;][et_pb_text _builder_version=&#8220;4.21.0&#8243; _module_preset=&#8220;default&#8220; header_font=&#8220;Cairo|600|||||||&#8220; header_text_color=&#8220;#FFFFFF&#8220; header_font_size=&#8220;3vw&#8220; global_colors_info=&#8220;{}&#8220;]<\/p>\n<h1>Ma\u00dfarbeit<\/h1>\n<p>[\/et_pb_text][\/et_pb_column][et_pb_column type=&#8220;1_3&#8243; _builder_version=&#8220;4.21.0&#8243; _module_preset=&#8220;default&#8220; custom_css_main_element=&#8220;margin:auto;&#8220; global_colors_info=&#8220;{}&#8220;][et_pb_image src=&#8220;https:\/\/www.van-osch-uden.nl\/wp-content\/uploads\/2023\/06\/constructiewerk.svg&#8220; alt=&#8220;constructiewerk&#8220; title_text=&#8220;constructiewerk&#8220; _builder_version=&#8220;4.23.1&#8243; _module_preset=&#8220;default&#8220; width=&#8220;50%&#8220; module_alignment=&#8220;right&#8220; hover_enabled=&#8220;0&#8243; global_colors_info=&#8220;{}&#8220; sticky_enabled=&#8220;0&#8243;][\/et_pb_image][\/et_pb_column][\/et_pb_row][\/et_pb_section][et_pb_section fb_built=&#8220;1&#8243; custom_padding_last_edited=&#8220;on|desktop&#8220; disabled_on=&#8220;off|off|on&#8220; admin_label=&#8220;Sectie tablet, mobile&#8220; _builder_version=&#8220;4.21.0&#8243; _module_preset=&#8220;default&#8220; background_color=&#8220;RGBA(255,255,255,0)&#8220; use_background_color_gradient=&#8220;on&#8220; background_color_gradient_stops=&#8220;rgba(51,51,51,0.9) 0%|rgba(33,33,33,0.9) 100%&#8220; background_color_gradient_overlays_image=&#8220;on&#8220; background_image=&#8220;https:\/\/www.van-osch-uden.nl\/wp-content\/uploads\/2023\/09\/maatwerk-header.jpg&#8220; custom_margin=&#8220;||||false|false&#8220; custom_margin_tablet=&#8220;-150px||||false|false&#8220; custom_margin_phone=&#8220;-150px||||false|false&#8220; custom_margin_last_edited=&#8220;off|desktop&#8220; custom_padding=&#8220;14vw||6vw||false|false&#8220; custom_padding_tablet=&#8220;14vw||6vw||false|false&#8220; custom_padding_phone=&#8220;14vw||6vw||false|false&#8220; global_colors_info=&#8220;{}&#8220;][et_pb_row column_structure=&#8220;1_2,1_2&#8243; use_custom_gutter=&#8220;on&#8220; gutter_width=&#8220;1&#8243; make_equal=&#8220;on&#8220; module_class=&#8220;two-colomns&#8220; _builder_version=&#8220;4.21.0&#8243; _module_preset=&#8220;default&#8220; width=&#8220;100%&#8220; max_width=&#8220;90%&#8220; custom_css_main_element=&#8220;align-items: center !important;&#8220; global_colors_info=&#8220;{}&#8220;][et_pb_column type=&#8220;1_2&#8243; _builder_version=&#8220;4.21.0&#8243; _module_preset=&#8220;default&#8220; custom_css_before=&#8220;\t||&#8220; custom_css_after=&#8220;\t||&#8220; global_colors_info=&#8220;{}&#8220;][et_pb_text _builder_version=&#8220;4.21.0&#8243; _module_preset=&#8220;default&#8220; header_font=&#8220;Cairo|600|||||||&#8220; header_text_align=&#8220;center&#8220; header_text_color=&#8220;#FFFFFF&#8220; header_font_size=&#8220;7vw&#8220; global_colors_info=&#8220;{}&#8220;]<\/p>\n<h1>Ma\u00dfarbeit<br \/>\n<\/h1>\n<p>[\/et_pb_text][\/et_pb_column][et_pb_column type=&#8220;1_2&#8243; _builder_version=&#8220;4.21.0&#8243; _module_preset=&#8220;default&#8220; custom_css_main_element=&#8220;margin: auto;&#8220; global_colors_info=&#8220;{}&#8220;][et_pb_image src=&#8220;https:\/\/www.van-osch-uden.nl\/wp-content\/uploads\/2023\/06\/constructiewerk.svg&#8220; alt=&#8220;constructiewerk&#8220; title_text=&#8220;constructiewerk&#8220; _builder_version=&#8220;4.23.1&#8243; _module_preset=&#8220;default&#8220; hover_enabled=&#8220;0&#8243; global_colors_info=&#8220;{}&#8220; sticky_enabled=&#8220;0&#8243;][\/et_pb_image][\/et_pb_column][\/et_pb_row][\/et_pb_section][et_pb_section fb_built=&#8220;1&#8243; _builder_version=&#8220;4.21.0&#8243; _module_preset=&#8220;default&#8220; background_color=&#8220;#FFFFFF&#8220; global_colors_info=&#8220;{}&#8220;][et_pb_row column_structure=&#8220;1_2,1_2&#8243; use_custom_gutter=&#8220;on&#8220; gutter_width=&#8220;1&#8243; make_equal=&#8220;on&#8220; _builder_version=&#8220;4.23.1&#8243; _module_preset=&#8220;default&#8220; width=&#8220;100%&#8220; max_width=&#8220;70%&#8220; max_width_tablet=&#8220;70%&#8220; max_width_phone=&#8220;90%&#8220; max_width_last_edited=&#8220;on|phone&#8220; global_colors_info=&#8220;{}&#8220;][et_pb_column type=&#8220;1_2&#8243; _builder_version=&#8220;4.21.0&#8243; _module_preset=&#8220;default&#8220; custom_css_main_element=&#8220;  margin: auto;&#8220; global_colors_info=&#8220;{}&#8220;][et_pb_text _builder_version=&#8220;4.23&#8243; _module_preset=&#8220;default&#8220; text_font=&#8220;Cairo|300|||||||&#8220; text_text_color=&#8220;#333333&#8243; text_font_size=&#8220;18px&#8220; link_font=&#8220;Cairo|600|||||||&#8220; link_text_color=&#8220;#000000&#8243; link_font_size=&#8220;16px&#8220; header_2_font=&#8220;Cairo|300|||||||&#8220; header_2_text_color=&#8220;#008BD2&#8243; header_2_font_size=&#8220;28px&#8220; animation_style=&#8220;fold&#8220; animation_direction=&#8220;bottom&#8220; animation_intensity_fold=&#8220;20%&#8220; global_colors_info=&#8220;{}&#8220;]<\/p>\n<h2>Ma\u00dfarbeit<br \/>\n<\/h2>\n<p>Ma\u00dfgeschneiderte Stalleinrichtungen sind unsere Spezialit\u00e4t. Am liebsten \u00fcberlegen wir zusammen, wie wir Ihre Anforderungen an Stalleinrichtungen bis ins kleinste Detail umsetzen k\u00f6nnen. Nichts ist sch\u00f6ner und spannender, als diese gemeinsam mit Ihnen zu entwickeln, zu testen und schlussendlich zu produzieren. Da der Bedarf an Zusammenarbeit in der DNA von Van Osch steckt, k\u00f6nnen wir jeden spezifischen Kundenwunsch in ma\u00dfgeschneiderte Stalleinrichtungen umsetzen. <\/p>\n<h2>Attraktive Kostenpreise<\/p>\n<\/h2>\n<p>Ma\u00dfarbeit ist viel mehr als eine Kombination von einzigartigen Produkten. Ma\u00dfarbeit bedeutet auch ein ausgezeichnetes Preis-Qualit\u00e4ts-Verh\u00e4ltnis. Die Investition muss realistisch sein. Dar\u00fcber hinaus verf\u00fcgen wir, dort wo Ma\u00dfarbeit nicht n\u00f6tig ist, \u00fcber gro\u00dfe Lagerbest\u00e4nde. So k\u00f6nnen wir immer schnell liefern.   <\/p>\n<h2>Ma\u00dfanfertigung: sektor\u00fcbergreifend<\/p>\n<\/h2>\n<p>Unsere Ma\u00dfarbeit und Produkte begrenzen sich nicht nur auf die Schweinehaltung. Wir bieten Ma\u00dfarbeit f\u00fcr alle Bereiche im Agrarsektor. Wir nehmen jede Herausforderung in Angriff beim Thema ma\u00dfgeschneiderte L\u00f6sungen. Wir arbeiten gerne f\u00fcr Unternehmer, die in folgenden Branchen t\u00e4tig sind:  <\/p>\n<ul>\n<li>Schweinehaltung<\/li>\n<li>Kuh- oder Ziegenhaltung<\/li>\n<li>Gartenbau<\/li>\n<li>Bausektor<\/li>\n<\/ul>\n<p>[\/et_pb_text][\/et_pb_column][et_pb_column type=&#8220;1_2&#8243; _builder_version=&#8220;4.23.1&#8243; _module_preset=&#8220;default&#8220; global_colors_info=&#8220;{}&#8220;][et_pb_image src=&#8220;https:\/\/www.van-osch-uden.nl\/wp-content\/uploads\/2023\/11\/maatwerk-van-osch.jpg&#8220; alt=&#8220;maatwerk-van-osch&#8220; title_text=&#8220;maatwerk-van-osch&#8220; align=&#8220;center&#8220; _builder_version=&#8220;4.23.1&#8243; _module_preset=&#8220;default&#8220; width=&#8220;80%&#8220; width_tablet=&#8220;80%&#8220; width_phone=&#8220;90%&#8220; width_last_edited=&#8220;on|tablet&#8220; module_alignment=&#8220;center&#8220; animation_style=&#8220;fade&#8220; animation_duration=&#8220;1300ms&#8220; global_colors_info=&#8220;{}&#8220;][\/et_pb_image][\/et_pb_column][\/et_pb_row][et_pb_row column_structure=&#8220;1_2,1_2&#8243; use_custom_gutter=&#8220;on&#8220; gutter_width=&#8220;1&#8243; make_equal=&#8220;on&#8220; _builder_version=&#8220;4.21.0&#8243; _module_preset=&#8220;default&#8220; width=&#8220;100%&#8220; max_width=&#8220;70%&#8220; max_width_tablet=&#8220;70%&#8220; max_width_phone=&#8220;90%&#8220; max_width_last_edited=&#8220;on|phone&#8220; global_colors_info=&#8220;{}&#8220;][et_pb_column type=&#8220;1_2&#8243; _builder_version=&#8220;4.21.0&#8243; _module_preset=&#8220;default&#8220; custom_css_main_element=&#8220;  margin: auto;&#8220; global_colors_info=&#8220;{}&#8220;][et_pb_text _builder_version=&#8220;4.21.0&#8243; _module_preset=&#8220;default&#8220; text_font=&#8220;Cairo|300|||||||&#8220; text_text_color=&#8220;#333333&#8243; text_font_size=&#8220;18px&#8220; link_font=&#8220;Cairo|600|||||||&#8220; link_text_color=&#8220;#008BD2&#8243; link_font_size=&#8220;16px&#8220; header_2_font=&#8220;Cairo|300|||||||&#8220; header_2_text_color=&#8220;#008BD2&#8243; header_2_font_size=&#8220;28px&#8220; header_4_font=&#8220;Cairo|600|||||||&#8220; animation_style=&#8220;fold&#8220; animation_direction=&#8220;bottom&#8220; animation_intensity_fold=&#8220;20%&#8220; global_colors_info=&#8220;{}&#8220;]<\/p>\n<h2>Ma\u00dfanfertigung: ab 1 St\u00fcck<\/p>\n<\/h2>\n<p>Ma\u00dfarbeit muss nicht immer teuer sein. Sie ist auch nicht an gro\u00dfe Mengen (Produktion) gekn\u00fcpft. Sie k\u00f6nnen uns mit jeder Frage ansprechen. Zusammen bestimmen wir, wie (und unter welchen Bedingungen) wir Ihre Frage in eine effektive Antwort im Bereich der individuellen Stallgestaltung umsetzen k\u00f6nnen.\n<\/p>\n<p>[\/et_pb_text][\/et_pb_column][et_pb_column type=&#8220;1_2&#8243; _builder_version=&#8220;4.21.0&#8243; _module_preset=&#8220;default&#8220; custom_css_main_element=&#8220;  margin: auto;&#8220; global_colors_info=&#8220;{}&#8220;][\/et_pb_column][\/et_pb_row][et_pb_row use_custom_gutter=&#8220;on&#8220; gutter_width=&#8220;1&#8243; make_equal=&#8220;on&#8220; _builder_version=&#8220;4.21.0&#8243; _module_preset=&#8220;default&#8220; width=&#8220;100%&#8220; max_width=&#8220;70%&#8220; max_width_tablet=&#8220;70%&#8220; max_width_phone=&#8220;90%&#8220; max_width_last_edited=&#8220;on|phone&#8220; global_colors_info=&#8220;{}&#8220;][et_pb_column type=&#8220;4_4&#8243; _builder_version=&#8220;4.21.0&#8243; _module_preset=&#8220;default&#8220; custom_css_main_element=&#8220;  margin: auto;&#8220; global_colors_info=&#8220;{}&#8220;][et_pb_text _builder_version=&#8220;4.21.0&#8243; _module_preset=&#8220;default&#8220; text_font=&#8220;Cairo|300|||||||&#8220; text_text_color=&#8220;#333333&#8243; text_font_size=&#8220;18px&#8220; link_font=&#8220;Cairo|600|||||||&#8220; link_text_color=&#8220;#008BD2&#8243; link_font_size=&#8220;18px&#8220; header_2_font=&#8220;Cairo|300|||||||&#8220; header_2_text_color=&#8220;#008BD2&#8243; header_2_font_size=&#8220;28px&#8220; header_4_font=&#8220;Cairo|600|||||||&#8220; animation_style=&#8220;fold&#8220; animation_direction=&#8220;bottom&#8220; animation_intensity_fold=&#8220;20%&#8220; global_colors_info=&#8220;{}&#8220;]<\/p>\n<p>Sind Sie an ma\u00dfgeschneiderten L\u00f6sungen interessiert? Schicken Sie uns eine E-Mail an <a href=\"mailto:graageenafspraak@van-osch-uden.nl\">graageenafspraak@van-osch-uden.nl<\/a> ,und wir freuen uns, einen Termin mit Ihnen zu vereinbaren.<\/p>\n<p>[\/et_pb_text][\/et_pb_column][\/et_pb_row][\/et_pb_section][et_pb_section fb_built=&#8220;1&#8243; _builder_version=&#8220;4.21.0&#8243; _module_preset=&#8220;default&#8220; background_color=&#8220;#008BD2&#8243; custom_margin=&#8220;0px||0px||true|false&#8220; custom_padding=&#8220;0px||0px||true|false&#8220; saved_tabs=&#8220;all&#8220; global_colors_info=&#8220;{}&#8220; locked=&#8220;off&#8220;][et_pb_row column_structure=&#8220;1_4,1_4,1_4,1_4&#8243; use_custom_gutter=&#8220;on&#8220; gutter_width=&#8220;1&#8243; make_equal=&#8220;on&#8220; _builder_version=&#8220;4.23&#8243; _module_preset=&#8220;default&#8220; background_enable_color=&#8220;off&#8220; width=&#8220;100%&#8220; max_width=&#8220;100%&#8220; custom_margin=&#8220;0px||0px||true|false&#8220; custom_padding=&#8220;0px||0px||true|false&#8220; global_colors_info=&#8220;{}&#8220;][et_pb_column type=&#8220;1_4&#8243; module_class=&#8220;hover-colomn&#8220; _builder_version=&#8220;4.23&#8243; _dynamic_attributes=&#8220;link_option_url&#8220; _module_preset=&#8220;default&#8220; use_background_color_gradient=&#8220;on&#8220; background_color_gradient_stops=&#8220;rgba(0,139,210,0.84) 0%|rgba(0,139,210,0.85) 100%&#8220; background_color_gradient_overlays_image=&#8220;on&#8220; background_image=&#8220;https:\/\/www.van-osch-uden.nl\/wp-content\/uploads\/2023\/11\/kraamstal-van-osch-3.jpg&#8220; custom_padding=&#8220;2%|2%|2%|2%|true|true&#8220; animation_style=&#8220;fade&#8220; animation_duration=&#8220;1750ms&#8220; link_option_url=&#8220;@ET-DC@eyJkeW5hbWljIjp0cnVlLCJjb250ZW50IjoicG9zdF9saW5rX3VybF9wcm9qZWN0Iiwic2V0dGluZ3MiOnsicG9zdF9pZCI6IjEwMDAwMDAyMjAzIn19@&#8220; global_colors_info=&#8220;{}&#8220; transform_styles__hover_enabled=&#8220;on|hover&#8220; transform_scale__hover_enabled=&#8220;on|hover&#8220; transform_translate__hover_enabled=&#8220;on|hover&#8220; transform_rotate__hover_enabled=&#8220;on|hover&#8220; transform_skew__hover_enabled=&#8220;on|hover&#8220; transform_origin__hover_enabled=&#8220;on|hover&#8220; background_image__hover=&#8220;https:\/\/www.van-osch-uden.nl\/wp-content\/uploads\/2023\/11\/kraamstal-van-osch-3.jpg&#8220; background_enable_image__hover=&#8220;on&#8220; parallax__hover=&#8220;off&#8220; use_background_color_gradient__hover=&#8220;on&#8220; background__hover_enabled=&#8220;on|hover&#8220; background_color_gradient_stops__hover=&#8220;rgba(0,139,210,0.55) 0%|rgba(0,139,210,0.55) 100%&#8220;][et_pb_image src=&#8220;https:\/\/www.van-osch-uden.nl\/wp-content\/uploads\/2023\/06\/vanosch-dragende-zeugen-wit.svg&#8220; alt=&#8220;vanosch-dragende-zeugen-zw&#8220; title_text=&#8220;vanosch-dragende-zeugen-zw&#8220; _builder_version=&#8220;4.23.1&#8243; _module_preset=&#8220;default&#8220; width=&#8220;50%&#8220; module_alignment=&#8220;center&#8220; custom_margin=&#8220;||20px|||&#8220; global_colors_info=&#8220;{}&#8220; src__hover_enabled=&#8220;on|hover&#8220; src__hover=&#8220;https:\/\/www.van-osch-uden.nl\/wp-content\/uploads\/2023\/06\/vanosch-dragende-zeugen-zw.svg&#8220; transform_styles__hover_enabled=&#8220;on|hover&#8220; transform_scale__hover_enabled=&#8220;on|hover&#8220; transform_translate__hover_enabled=&#8220;on|hover&#8220; transform_rotate__hover_enabled=&#8220;on|hover&#8220; transform_skew__hover_enabled=&#8220;on|hover&#8220; transform_origin__hover_enabled=&#8220;on|hover&#8220; transform_scale__hover=&#8220;110%|110%&#8220;][\/et_pb_image][et_pb_text _builder_version=&#8220;4.23&#8243; _module_preset=&#8220;default&#8220; text_font=&#8220;Cairo|300|||||||&#8220; text_text_color=&#8220;#FFFFFF&#8220; text_font_size=&#8220;18px&#8220; header_2_font=&#8220;Cairo|300|||||||&#8220; header_2_text_align=&#8220;center&#8220; header_2_text_color=&#8220;#FFFFFF&#8220; header_2_font_size=&#8220;35px&#8220; text_orientation=&#8220;center&#8220; link_option_url=&#8220;https:\/\/www.van-osch-uden.nl\/project\/koesj-venlo-speciaal-buiten-hok-voor-vleesvarkens\/&#8220; global_colors_info=&#8220;{}&#8220;]<\/p>\n<h2>Hulsel, Abferkelbuchten<\/h2>\n<p>[\/et_pb_text][et_pb_button button_url=&#8220;@ET-DC@eyJkeW5hbWljIjp0cnVlLCJjb250ZW50IjoicG9zdF9saW5rX3VybF9wcm9qZWN0Iiwic2V0dGluZ3MiOnsicG9zdF9pZCI6IjEwMDAwMDAzMTQzIn19@&#8220; button_text=&#8220;Mehr lesen&#8220; button_alignment=&#8220;center&#8220; _builder_version=&#8220;4.23&#8243; _dynamic_attributes=&#8220;button_url&#8220; _module_preset=&#8220;default&#8220; custom_button=&#8220;on&#8220; button_text_color=&#8220;#FFFFFF&#8220; button_border_radius=&#8220;31px&#8220; custom_margin=&#8220;10%||||false|false&#8220; global_colors_info=&#8220;{}&#8220;][\/et_pb_button][\/et_pb_column][et_pb_column type=&#8220;1_4&#8243; module_class=&#8220;hover-colomn&#8220; _builder_version=&#8220;4.21.0&#8243; _dynamic_attributes=&#8220;link_option_url&#8220; _module_preset=&#8220;default&#8220; use_background_color_gradient=&#8220;on&#8220; background_color_gradient_stops=&#8220;rgba(0,139,210,0.84) 0%|rgba(0,139,210,0.85) 100%&#8220; background_color_gradient_overlays_image=&#8220;on&#8220; background_image=&#8220;https:\/\/www.van-osch-uden.nl\/wp-content\/uploads\/2023\/09\/Swinkels-Leende.jpg&#8220; custom_padding=&#8220;2%|2%|2%|2%|true|true&#8220; animation_style=&#8220;fade&#8220; link_option_url=&#8220;@ET-DC@eyJkeW5hbWljIjp0cnVlLCJjb250ZW50IjoicG9zdF9saW5rX3VybF9wcm9qZWN0Iiwic2V0dGluZ3MiOnsicG9zdF9pZCI6IjEwMDAwMDAyMjE4In19@&#8220; global_colors_info=&#8220;{}&#8220; background__hover_enabled=&#8220;on|hover&#8220; use_background_color_gradient__hover=&#8220;on&#8220; background_color_gradient_stops__hover=&#8220;rgba(0,139,210,0.55) 0%|rgba(0,139,210,0.55) 100%&#8220; background_image__hover=&#8220;https:\/\/www.van-osch-uden.nl\/wp-content\/uploads\/2023\/09\/Swinkels-Leende.jpg&#8220; background_enable_image__hover=&#8220;on&#8220; parallax__hover=&#8220;off&#8220;][et_pb_image src=&#8220;https:\/\/www.van-osch-uden.nl\/wp-content\/uploads\/2023\/06\/vanosch-kraamzeugen-wit.svg&#8220; alt=&#8220;vanosch-kraamzeugen-zw&#8220; title_text=&#8220;vanosch-kraamzeugen-zw&#8220; _builder_version=&#8220;4.23.1&#8243; _module_preset=&#8220;default&#8220; width=&#8220;50%&#8220; module_alignment=&#8220;center&#8220; custom_margin=&#8220;||20px|||&#8220; global_colors_info=&#8220;{}&#8220; transform_styles__hover_enabled=&#8220;on|hover&#8220; transform_scale__hover=&#8220;110%|110%&#8220; transform_scale__hover_enabled=&#8220;on|hover&#8220; transform_translate__hover_enabled=&#8220;on|hover&#8220; transform_rotate__hover_enabled=&#8220;on|hover&#8220; transform_skew__hover_enabled=&#8220;on|hover&#8220; transform_origin__hover_enabled=&#8220;on|hover&#8220; src__hover_enabled=&#8220;on|hover&#8220; src__hover=&#8220;https:\/\/www.van-osch-uden.nl\/wp-content\/uploads\/2023\/06\/vanosch-kraamzeugen-zw.svg&#8220;][\/et_pb_image][et_pb_text _builder_version=&#8220;4.23&#8243; _module_preset=&#8220;default&#8220; text_font=&#8220;Cairo|300|||||||&#8220; text_text_color=&#8220;#FFFFFF&#8220; text_font_size=&#8220;18px&#8220; header_2_font=&#8220;Cairo|300|||||||&#8220; header_2_text_align=&#8220;center&#8220; header_2_text_color=&#8220;#FFFFFF&#8220; header_2_font_size=&#8220;35px&#8220; text_orientation=&#8220;center&#8220; global_colors_info=&#8220;{}&#8220;]<\/p>\n<h2>Leende, Sauenstall <\/h2>\n<p>[\/et_pb_text][et_pb_button button_url=&#8220;@ET-DC@eyJkeW5hbWljIjp0cnVlLCJjb250ZW50IjoicG9zdF9saW5rX3VybF9wcm9qZWN0Iiwic2V0dGluZ3MiOnsicG9zdF9pZCI6IjEwMDAwMDAyMjE4In19@&#8220; button_text=&#8220;Mehr lesen&#8220; button_alignment=&#8220;center&#8220; _builder_version=&#8220;4.21.0&#8243; _dynamic_attributes=&#8220;button_url&#8220; _module_preset=&#8220;default&#8220; custom_button=&#8220;on&#8220; button_text_color=&#8220;#FFFFFF&#8220; button_border_radius=&#8220;31px&#8220; custom_margin=&#8220;10%||||false|false&#8220; global_colors_info=&#8220;{}&#8220;][\/et_pb_button][\/et_pb_column][et_pb_column type=&#8220;1_4&#8243; module_class=&#8220;hover-colomn&#8220; _builder_version=&#8220;4.21.0&#8243; _dynamic_attributes=&#8220;link_option_url&#8220; _module_preset=&#8220;default&#8220; use_background_color_gradient=&#8220;on&#8220; background_color_gradient_stops=&#8220;rgba(0,139,210,0.84) 0%|rgba(0,139,210,0.85) 100%&#8220; background_color_gradient_overlays_image=&#8220;on&#8220; background_image=&#8220;https:\/\/www.van-osch-uden.nl\/wp-content\/uploads\/2023\/09\/Tanzer-Wolferstedt.jpg&#8220; custom_padding=&#8220;2%|2%|2%|2%|true|true&#8220; animation_style=&#8220;fade&#8220; link_option_url=&#8220;@ET-DC@eyJkeW5hbWljIjp0cnVlLCJjb250ZW50IjoicG9zdF9saW5rX3VybF9wcm9qZWN0Iiwic2V0dGluZ3MiOnsicG9zdF9pZCI6IjEwMDAwMDAyMjM0In19@&#8220; global_colors_info=&#8220;{}&#8220; background__hover_enabled=&#8220;on|hover&#8220; use_background_color_gradient__hover=&#8220;on&#8220; background_color_gradient_stops__hover=&#8220;rgba(0,139,210,0.55) 0%|rgba(0,139,210,0.55) 100%&#8220; background_image__hover=&#8220;https:\/\/www.van-osch-uden.nl\/wp-content\/uploads\/2023\/09\/Tanzer-Wolferstedt.jpg&#8220; background_enable_image__hover=&#8220;on&#8220; parallax__hover=&#8220;off&#8220;][et_pb_image src=&#8220;https:\/\/www.van-osch-uden.nl\/wp-content\/uploads\/2023\/06\/vanosch-biggen-wit.svg&#8220; alt=&#8220;vanosch-biggen-z&#8220; title_text=&#8220;vanosch-biggen-z&#8220; src_last_edited=&#8220;off|desktop&#8220; _builder_version=&#8220;4.23.1&#8243; _module_preset=&#8220;default&#8220; width=&#8220;50%&#8220; module_alignment=&#8220;center&#8220; custom_margin=&#8220;||20px|||&#8220; global_colors_info=&#8220;{}&#8220; transform_styles__hover_enabled=&#8220;on|hover&#8220; transform_scale__hover=&#8220;110%|110%&#8220; transform_scale__hover_enabled=&#8220;on|hover&#8220; transform_translate__hover_enabled=&#8220;on|hover&#8220; transform_rotate__hover_enabled=&#8220;on|hover&#8220; transform_skew__hover_enabled=&#8220;on|hover&#8220; transform_origin__hover_enabled=&#8220;on|hover&#8220; src__hover_enabled=&#8220;on|hover&#8220; src__hover=&#8220;https:\/\/www.van-osch-uden.nl\/wp-content\/uploads\/2023\/06\/vanosch-biggen-z.svg&#8220;][\/et_pb_image][et_pb_text _builder_version=&#8220;4.23&#8243; _module_preset=&#8220;default&#8220; text_font=&#8220;Cairo|300|||||||&#8220; text_text_color=&#8220;#FFFFFF&#8220; text_font_size=&#8220;18px&#8220; header_2_font=&#8220;Cairo|300|||||||&#8220; header_2_text_align=&#8220;center&#8220; header_2_text_color=&#8220;#FFFFFF&#8220; header_2_font_size=&#8220;35px&#8220; text_orientation=&#8220;center&#8220; global_colors_info=&#8220;{}&#8220;]<\/p>\n<h2>Wolferstedt, Abferkelbucht in Freilandhaltung<\/h2>\n<p>[\/et_pb_text][et_pb_button button_url=&#8220;@ET-DC@eyJkeW5hbWljIjp0cnVlLCJjb250ZW50IjoicG9zdF9saW5rX3VybF9wcm9qZWN0Iiwic2V0dGluZ3MiOnsicG9zdF9pZCI6IjEwMDAwMDAyMjM0In19@&#8220; button_text=&#8220;Mehr lesen&#8220; button_alignment=&#8220;center&#8220; _builder_version=&#8220;4.21.0&#8243; _dynamic_attributes=&#8220;button_url&#8220; _module_preset=&#8220;default&#8220; custom_button=&#8220;on&#8220; button_text_color=&#8220;#FFFFFF&#8220; button_border_radius=&#8220;31px&#8220; custom_margin=&#8220;10%||||false|false&#8220; global_colors_info=&#8220;{}&#8220;][\/et_pb_button][\/et_pb_column][et_pb_column type=&#8220;1_4&#8243; module_class=&#8220;hover-colomn&#8220; _builder_version=&#8220;4.21.0&#8243; _dynamic_attributes=&#8220;link_option_url&#8220; _module_preset=&#8220;default&#8220; use_background_color_gradient=&#8220;on&#8220; background_color_gradient_stops=&#8220;rgba(0,139,210,0.84) 0%|rgba(0,139,210,0.85) 100%&#8220; background_color_gradient_overlays_image=&#8220;on&#8220; background_image=&#8220;https:\/\/www.van-osch-uden.nl\/wp-content\/uploads\/2023\/09\/Van-Eijk-Nederweert.jpg&#8220; custom_padding=&#8220;2%|2%|2%|2%|true|true&#8220; animation_style=&#8220;fade&#8220; link_option_url=&#8220;@ET-DC@eyJkeW5hbWljIjp0cnVlLCJjb250ZW50IjoicG9zdF9saW5rX3VybF9wcm9qZWN0Iiwic2V0dGluZ3MiOnsicG9zdF9pZCI6IjEwMDAwMDAyMjQ4In19@&#8220; global_colors_info=&#8220;{}&#8220; background__hover_enabled=&#8220;on|hover&#8220; use_background_color_gradient__hover=&#8220;on&#8220; background_color_gradient_stops__hover=&#8220;rgba(0,139,210,0.55) 0%|rgba(0,139,210,0.55) 100%&#8220; background_image__hover=&#8220;https:\/\/www.van-osch-uden.nl\/wp-content\/uploads\/2023\/09\/Van-Eijk-Nederweert.jpg&#8220; background_enable_image__hover=&#8220;on&#8220; parallax__hover=&#8220;off&#8220;][et_pb_image src=&#8220;https:\/\/www.van-osch-uden.nl\/wp-content\/uploads\/2023\/06\/vanosch-vleesvarkens-wit.svg&#8220; alt=&#8220;vanosch-vleesvarkens-zw&#8220; title_text=&#8220;vanosch-vleesvarkens-zw&#8220; _builder_version=&#8220;4.23.1&#8243; _module_preset=&#8220;default&#8220; width=&#8220;50%&#8220; module_alignment=&#8220;center&#8220; custom_margin=&#8220;||20px|||&#8220; global_colors_info=&#8220;{}&#8220; transform_styles__hover_enabled=&#8220;on|hover&#8220; transform_scale__hover=&#8220;110%|110%&#8220; transform_scale__hover_enabled=&#8220;on|hover&#8220; transform_translate__hover_enabled=&#8220;on|hover&#8220; transform_rotate__hover_enabled=&#8220;on|hover&#8220; transform_skew__hover_enabled=&#8220;on|hover&#8220; transform_origin__hover_enabled=&#8220;on|hover&#8220; src__hover_enabled=&#8220;on|hover&#8220; src__hover=&#8220;https:\/\/www.van-osch-uden.nl\/wp-content\/uploads\/2023\/06\/vanosch-vleesvarkens-zw.svg&#8220;][\/et_pb_image][et_pb_text _builder_version=&#8220;4.23&#8243; _module_preset=&#8220;default&#8220; text_font=&#8220;Cairo|300|||||||&#8220; text_text_color=&#8220;#FFFFFF&#8220; text_font_size=&#8220;18px&#8220; header_2_font=&#8220;Cairo|300|||||||&#8220; header_2_text_align=&#8220;center&#8220; header_2_text_color=&#8220;#FFFFFF&#8220; header_2_font_size=&#8220;35px&#8220; text_orientation=&#8220;center&#8220; global_colors_info=&#8220;{}&#8220;]<\/p>\n<h2>Nederweert, Abferkelbucht in Freilandhaltung<\/h2>\n<p>[\/et_pb_text][et_pb_button button_url=&#8220;@ET-DC@eyJkeW5hbWljIjp0cnVlLCJjb250ZW50IjoicG9zdF9saW5rX3VybF9wcm9qZWN0Iiwic2V0dGluZ3MiOnsicG9zdF9pZCI6IjEwMDAwMDAyMjQ4In19@&#8220; button_text=&#8220;Mehr lesen&#8220; button_alignment=&#8220;center&#8220; _builder_version=&#8220;4.21.0&#8243; _dynamic_attributes=&#8220;button_url&#8220; _module_preset=&#8220;default&#8220; custom_button=&#8220;on&#8220; button_text_color=&#8220;#FFFFFF&#8220; button_border_radius=&#8220;31px&#8220; custom_margin=&#8220;10%||||false|false&#8220; global_colors_info=&#8220;{}&#8220;][\/et_pb_button][\/et_pb_column][\/et_pb_row][\/et_pb_section][et_pb_section fb_built=&#8220;1&#8243; admin_label=&#8220;Icon section&#8220; _builder_version=&#8220;4.16&#8243; background_color=&#8220;#333333&#8243; background_enable_image=&#8220;off&#8220; background_position=&#8220;top_center&#8220; custom_padding=&#8220;||||false|false&#8220; saved_tabs=&#8220;all&#8220; locked=&#8220;off&#8220; global_colors_info=&#8220;{}&#8220;][et_pb_row column_structure=&#8220;1_5,1_5,1_5,1_5,1_5&#8243; use_custom_gutter=&#8220;on&#8220; gutter_width=&#8220;2&#8243; admin_label=&#8220;Icon row&#8220; module_class=&#8220;two-colomns&#8220; _builder_version=&#8220;4.18.1&#8243; positioning=&#8220;none&#8220; position_origin_a=&#8220;center_left&#8220; width=&#8220;100%&#8220; max_width=&#8220;90%&#8220; module_alignment=&#8220;center&#8220; custom_padding=&#8220;4px|||||&#8220; custom_css_main_element=&#8220;display:flex;&#8220; locked=&#8220;off&#8220; global_colors_info=&#8220;{}&#8220; header_2_text_align_phone=&#8220;center&#8220; header_2_text_align_last_edited=&#8220;on|phone&#8220;][et_pb_column type=&#8220;1_5&#8243; _builder_version=&#8220;4.16&#8243; custom_padding=&#8220;|||&#8220; global_colors_info=&#8220;{}&#8220; custom_padding__hover=&#8220;|||&#8220;][et_pb_image src=&#8220;https:\/\/www.van-osch-uden.nl\/wp-content\/uploads\/2023\/06\/vanosch-dragende-zeugen-wit.svg&#8220; alt=&#8220;vanosch-dragende-zeugen-wit&#8220; title_text=&#8220;vanosch-dragende-zeugen-wit&#8220; url=&#8220;@ET-DC@eyJkeW5hbWljIjp0cnVlLCJjb250ZW50IjoicG9zdF9saW5rX3VybF9wYWdlIiwic2V0dGluZ3MiOnsicG9zdF9pZCI6IjEwMDAwMDAxMjQ5In19@&#8220; align=&#8220;center&#8220; _builder_version=&#8220;4.23.1&#8243; _dynamic_attributes=&#8220;url&#8220; _module_preset=&#8220;default&#8220; width=&#8220;70%&#8220; width_tablet=&#8220;&#8220; width_phone=&#8220;50%&#8220; width_last_edited=&#8220;on|phone&#8220; module_alignment_tablet=&#8220;&#8220; module_alignment_phone=&#8220;center&#8220; module_alignment_last_edited=&#8220;on|phone&#8220; global_colors_info=&#8220;{}&#8220; transform_styles__hover_enabled=&#8220;on|hover&#8220; transform_scale__hover=&#8220;109%|109%&#8220; transform_scale__hover_enabled=&#8220;on|hover&#8220; transform_translate__hover_enabled=&#8220;on|desktop&#8220; transform_rotate__hover_enabled=&#8220;on|desktop&#8220; transform_skew__hover_enabled=&#8220;on|desktop&#8220; transform_origin__hover_enabled=&#8220;on|desktop&#8220;][\/et_pb_image][et_pb_text _builder_version=&#8220;4.21.0&#8243; _dynamic_attributes=&#8220;link_option_url&#8220; _module_preset=&#8220;default&#8220; text_font=&#8220;Cairo|300|||||||&#8220; text_text_color=&#8220;#FFFFFF&#8220; text_font_size=&#8220;28px&#8220; header_2_font=&#8220;Raleway|900||on|||||&#8220; header_2_text_color=&#8220;#FFFFFF&#8220; header_2_font_size=&#8220;22px&#8220; text_orientation=&#8220;center&#8220; module_alignment=&#8220;left&#8220; link_option_url=&#8220;@ET-DC@eyJkeW5hbWljIjp0cnVlLCJjb250ZW50IjoicG9zdF9saW5rX3VybF9wYWdlIiwic2V0dGluZ3MiOnsicG9zdF9pZCI6IjEwMDAwMDAxMjQ5In19@&#8220; header_2_text_align_tablet=&#8220;&#8220; header_2_text_align_phone=&#8220;center&#8220; header_2_text_align_last_edited=&#8220;on|phone&#8220; global_colors_info=&#8220;{}&#8220; header_2_2_text_align_phone=&#8220;center&#8220; header_3_2_text_align_phone=&#8220;center&#8220; header_4_2_text_align_phone=&#8220;center&#8220; header_5_2_text_align_phone=&#8220;center&#8220; header_6_2_text_align_phone=&#8220;center&#8220; header_2_2_text_align_last_edited=&#8220;on|phone&#8220; header_3_2_text_align_last_edited=&#8220;on|phone&#8220; header_4_2_text_align_last_edited=&#8220;on|phone&#8220; header_5_2_text_align_last_edited=&#8220;on|phone&#8220; header_6_2_text_align_last_edited=&#8220;on|phone&#8220; text_text_color__hover_enabled=&#8220;off|hover&#8220; header_2_text_color__hover_enabled=&#8220;on|hover&#8220; header_2_text_color__hover=&#8220;#FF9000&#8243;]Tr\u00e4chtige Sauen[\/et_pb_text][\/et_pb_column][et_pb_column type=&#8220;1_5&#8243; _builder_version=&#8220;4.16&#8243; custom_padding=&#8220;|||&#8220; global_colors_info=&#8220;{}&#8220; custom_padding__hover=&#8220;|||&#8220;][et_pb_image src=&#8220;https:\/\/www.van-osch-uden.nl\/wp-content\/uploads\/2023\/06\/vanosch-kraamzeugen-wit.svg&#8220; alt=&#8220;vanosch-kraamzeugen-wit&#8220; title_text=&#8220;vanosch-kraamzeugen-wit&#8220; url=&#8220;@ET-DC@eyJkeW5hbWljIjp0cnVlLCJjb250ZW50IjoicG9zdF9saW5rX3VybF9wYWdlIiwic2V0dGluZ3MiOnsicG9zdF9pZCI6IjEwMDAwMDAxNzIyIn19@&#8220; align=&#8220;center&#8220; _builder_version=&#8220;4.23.1&#8243; _dynamic_attributes=&#8220;url&#8220; _module_preset=&#8220;default&#8220; width=&#8220;70%&#8220; width_tablet=&#8220;&#8220; width_phone=&#8220;50%&#8220; width_last_edited=&#8220;on|phone&#8220; module_alignment_tablet=&#8220;&#8220; module_alignment_phone=&#8220;center&#8220; module_alignment_last_edited=&#8220;on|phone&#8220; global_colors_info=&#8220;{}&#8220; transform_styles__hover_enabled=&#8220;on|hover&#8220; transform_scale__hover=&#8220;109%|109%&#8220; transform_scale__hover_enabled=&#8220;on|hover&#8220; transform_translate__hover_enabled=&#8220;on|desktop&#8220; transform_rotate__hover_enabled=&#8220;on|desktop&#8220; transform_skew__hover_enabled=&#8220;on|desktop&#8220; transform_origin__hover_enabled=&#8220;on|desktop&#8220;][\/et_pb_image][et_pb_text _builder_version=&#8220;4.21.0&#8243; _dynamic_attributes=&#8220;link_option_url&#8220; _module_preset=&#8220;default&#8220; text_font=&#8220;Cairo|300|||||||&#8220; text_text_color=&#8220;#FFFFFF&#8220; text_font_size=&#8220;28px&#8220; header_2_font=&#8220;Raleway|900||on|||||&#8220; header_2_text_color=&#8220;#FFFFFF&#8220; header_2_font_size=&#8220;22px&#8220; text_orientation=&#8220;center&#8220; module_alignment=&#8220;left&#8220; link_option_url=&#8220;@ET-DC@eyJkeW5hbWljIjp0cnVlLCJjb250ZW50IjoicG9zdF9saW5rX3VybF9wYWdlIiwic2V0dGluZ3MiOnsicG9zdF9pZCI6IjEwMDAwMDAxNzIyIn19@&#8220; header_2_text_align_tablet=&#8220;&#8220; header_2_text_align_phone=&#8220;center&#8220; header_2_text_align_last_edited=&#8220;on|phone&#8220; global_colors_info=&#8220;{}&#8220; header_2_2_text_align_phone=&#8220;center&#8220; header_3_2_text_align_phone=&#8220;center&#8220; header_4_2_text_align_phone=&#8220;center&#8220; header_5_2_text_align_phone=&#8220;center&#8220; header_6_2_text_align_phone=&#8220;center&#8220; header_2_2_text_align_last_edited=&#8220;on|phone&#8220; header_3_2_text_align_last_edited=&#8220;on|phone&#8220; header_4_2_text_align_last_edited=&#8220;on|phone&#8220; header_5_2_text_align_last_edited=&#8220;on|phone&#8220; header_6_2_text_align_last_edited=&#8220;on|phone&#8220; text_text_color__hover_enabled=&#8220;off|hover&#8220; header_2_text_color__hover_enabled=&#8220;on|hover&#8220; header_2_text_color__hover=&#8220;#FF9000&#8243;]Zuchtsauen[\/et_pb_text][\/et_pb_column][et_pb_column type=&#8220;1_5&#8243; _builder_version=&#8220;4.16&#8243; custom_padding=&#8220;|||&#8220; global_colors_info=&#8220;{}&#8220; custom_padding__hover=&#8220;|||&#8220;][et_pb_image src=&#8220;https:\/\/www.van-osch-uden.nl\/wp-content\/uploads\/2023\/06\/vanosch-biggen-wit.svg&#8220; alt=&#8220;vanosch-biggen-wit&#8220; title_text=&#8220;vanosch-biggen-wit&#8220; url=&#8220;@ET-DC@eyJkeW5hbWljIjp0cnVlLCJjb250ZW50IjoicG9zdF9saW5rX3VybF9wYWdlIiwic2V0dGluZ3MiOnsicG9zdF9pZCI6IjEwMDAwMDAxNzM4In19@&#8220; align=&#8220;center&#8220; _builder_version=&#8220;4.23.1&#8243; _dynamic_attributes=&#8220;url&#8220; _module_preset=&#8220;default&#8220; width=&#8220;70%&#8220; width_tablet=&#8220;&#8220; width_phone=&#8220;50%&#8220; width_last_edited=&#8220;on|phone&#8220; module_alignment_tablet=&#8220;&#8220; module_alignment_phone=&#8220;center&#8220; module_alignment_last_edited=&#8220;on|phone&#8220; global_colors_info=&#8220;{}&#8220; transform_styles__hover_enabled=&#8220;on|hover&#8220; transform_scale__hover=&#8220;109%|109%&#8220; transform_scale__hover_enabled=&#8220;on|hover&#8220; transform_translate__hover_enabled=&#8220;on|desktop&#8220; transform_rotate__hover_enabled=&#8220;on|desktop&#8220; transform_skew__hover_enabled=&#8220;on|desktop&#8220; transform_origin__hover_enabled=&#8220;on|desktop&#8220;][\/et_pb_image][et_pb_text _builder_version=&#8220;4.21.0&#8243; _dynamic_attributes=&#8220;link_option_url&#8220; _module_preset=&#8220;default&#8220; text_font=&#8220;Cairo|300|||||||&#8220; text_text_color=&#8220;#FFFFFF&#8220; text_font_size=&#8220;28px&#8220; header_2_font=&#8220;Raleway|900||on|||||&#8220; header_2_text_color=&#8220;#FFFFFF&#8220; header_2_font_size=&#8220;22px&#8220; text_orientation=&#8220;center&#8220; module_alignment=&#8220;left&#8220; link_option_url=&#8220;@ET-DC@eyJkeW5hbWljIjp0cnVlLCJjb250ZW50IjoicG9zdF9saW5rX3VybF9wYWdlIiwic2V0dGluZ3MiOnsicG9zdF9pZCI6IjEwMDAwMDAxNzM4In19@&#8220; header_2_text_align_tablet=&#8220;&#8220; header_2_text_align_phone=&#8220;center&#8220; header_2_text_align_last_edited=&#8220;on|phone&#8220; global_colors_info=&#8220;{}&#8220; header_2_2_text_align_phone=&#8220;center&#8220; header_3_2_text_align_phone=&#8220;center&#8220; header_4_2_text_align_phone=&#8220;center&#8220; header_5_2_text_align_phone=&#8220;center&#8220; header_6_2_text_align_phone=&#8220;center&#8220; header_2_2_text_align_last_edited=&#8220;on|phone&#8220; header_3_2_text_align_last_edited=&#8220;on|phone&#8220; header_4_2_text_align_last_edited=&#8220;on|phone&#8220; header_5_2_text_align_last_edited=&#8220;on|phone&#8220; header_6_2_text_align_last_edited=&#8220;on|phone&#8220; text_text_color__hover_enabled=&#8220;off|hover&#8220; header_2_text_color__hover_enabled=&#8220;on|hover&#8220; header_2_text_color__hover=&#8220;#FF9000&#8243;]Ferkel[\/et_pb_text][\/et_pb_column][et_pb_column type=&#8220;1_5&#8243; _builder_version=&#8220;4.16&#8243; custom_padding=&#8220;|||&#8220; global_colors_info=&#8220;{}&#8220; custom_padding__hover=&#8220;|||&#8220;][et_pb_image src=&#8220;https:\/\/www.van-osch-uden.nl\/wp-content\/uploads\/2023\/06\/vanosch-vleesvarkens-wit.svg&#8220; alt=&#8220;vanosch-vleesvarkens-wit&#8220; title_text=&#8220;vanosch-vleesvarkens-wit&#8220; url=&#8220;@ET-DC@eyJkeW5hbWljIjp0cnVlLCJjb250ZW50IjoicG9zdF9saW5rX3VybF9wYWdlIiwic2V0dGluZ3MiOnsicG9zdF9pZCI6IjEwMDAwMDAxNzQzIn19@&#8220; align=&#8220;center&#8220; _builder_version=&#8220;4.23.1&#8243; _dynamic_attributes=&#8220;url&#8220; _module_preset=&#8220;default&#8220; width=&#8220;70%&#8220; width_tablet=&#8220;&#8220; width_phone=&#8220;50%&#8220; width_last_edited=&#8220;on|phone&#8220; module_alignment_tablet=&#8220;&#8220; module_alignment_phone=&#8220;center&#8220; module_alignment_last_edited=&#8220;on|phone&#8220; global_colors_info=&#8220;{}&#8220; transform_styles__hover_enabled=&#8220;on|hover&#8220; transform_scale__hover=&#8220;109%|109%&#8220; transform_scale__hover_enabled=&#8220;on|hover&#8220; transform_translate__hover_enabled=&#8220;on|desktop&#8220; transform_rotate__hover_enabled=&#8220;on|desktop&#8220; transform_skew__hover_enabled=&#8220;on|desktop&#8220; transform_origin__hover_enabled=&#8220;on|desktop&#8220;][\/et_pb_image][et_pb_text _builder_version=&#8220;4.21.0&#8243; _dynamic_attributes=&#8220;link_option_url&#8220; _module_preset=&#8220;default&#8220; text_font=&#8220;Cairo|300|||||||&#8220; text_text_color=&#8220;#FFFFFF&#8220; text_font_size=&#8220;28px&#8220; header_2_font=&#8220;Raleway|900||on|||||&#8220; header_2_text_color=&#8220;#FFFFFF&#8220; header_2_font_size=&#8220;22px&#8220; text_orientation=&#8220;center&#8220; module_alignment=&#8220;left&#8220; link_option_url=&#8220;@ET-DC@eyJkeW5hbWljIjp0cnVlLCJjb250ZW50IjoicG9zdF9saW5rX3VybF9wYWdlIiwic2V0dGluZ3MiOnsicG9zdF9pZCI6IjEwMDAwMDAxNzQzIn19@&#8220; header_2_text_align_tablet=&#8220;&#8220; header_2_text_align_phone=&#8220;center&#8220; header_2_text_align_last_edited=&#8220;on|phone&#8220; global_colors_info=&#8220;{}&#8220; header_2_2_text_align_phone=&#8220;center&#8220; header_3_2_text_align_phone=&#8220;center&#8220; header_4_2_text_align_phone=&#8220;center&#8220; header_5_2_text_align_phone=&#8220;center&#8220; header_6_2_text_align_phone=&#8220;center&#8220; header_2_2_text_align_last_edited=&#8220;on|phone&#8220; header_3_2_text_align_last_edited=&#8220;on|phone&#8220; header_4_2_text_align_last_edited=&#8220;on|phone&#8220; header_5_2_text_align_last_edited=&#8220;on|phone&#8220; header_6_2_text_align_last_edited=&#8220;on|phone&#8220; text_text_color__hover_enabled=&#8220;off|hover&#8220; header_2_text_color__hover_enabled=&#8220;on|hover&#8220; header_2_text_color__hover=&#8220;#FF9000&#8243;]Mastschweine[\/et_pb_text][\/et_pb_column][et_pb_column type=&#8220;1_5&#8243; _builder_version=&#8220;4.16&#8243; custom_padding=&#8220;|||&#8220; global_colors_info=&#8220;{}&#8220; custom_padding__hover=&#8220;|||&#8220;][et_pb_image src=&#8220;https:\/\/www.van-osch-uden.nl\/wp-content\/uploads\/2023\/06\/vanosch-rvs-wit.svg&#8220; alt=&#8220;vanosch-rvs-wit&#8220; title_text=&#8220;vanosch-rvs-wit&#8220; url=&#8220;@ET-DC@eyJkeW5hbWljIjp0cnVlLCJjb250ZW50IjoicG9zdF9saW5rX3VybF9wYWdlIiwic2V0dGluZ3MiOnsicG9zdF9pZCI6IjEwMDAwMDAxNzUxIn19@&#8220; align=&#8220;center&#8220; _builder_version=&#8220;4.23.1&#8243; _dynamic_attributes=&#8220;url&#8220; _module_preset=&#8220;default&#8220; width=&#8220;70%&#8220; width_tablet=&#8220;&#8220; width_phone=&#8220;50%&#8220; width_last_edited=&#8220;on|phone&#8220; module_alignment_tablet=&#8220;&#8220; module_alignment_phone=&#8220;center&#8220; module_alignment_last_edited=&#8220;on|phone&#8220; global_colors_info=&#8220;{}&#8220; transform_styles__hover_enabled=&#8220;on|hover&#8220; transform_scale__hover=&#8220;109%|109%&#8220; transform_scale__hover_enabled=&#8220;on|hover&#8220; transform_translate__hover_enabled=&#8220;on|desktop&#8220; transform_rotate__hover_enabled=&#8220;on|desktop&#8220; transform_skew__hover_enabled=&#8220;on|desktop&#8220; transform_origin__hover_enabled=&#8220;on|desktop&#8220;][\/et_pb_image][et_pb_text _builder_version=&#8220;4.21.0&#8243; _dynamic_attributes=&#8220;link_option_url&#8220; _module_preset=&#8220;default&#8220; text_font=&#8220;Cairo|300|||||||&#8220; text_text_color=&#8220;#FFFFFF&#8220; text_font_size=&#8220;28px&#8220; header_2_font=&#8220;Raleway|900||on|||||&#8220; header_2_text_color=&#8220;#FFFFFF&#8220; header_2_font_size=&#8220;22px&#8220; text_orientation=&#8220;center&#8220; module_alignment=&#8220;left&#8220; link_option_url=&#8220;@ET-DC@eyJkeW5hbWljIjp0cnVlLCJjb250ZW50IjoicG9zdF9saW5rX3VybF9wYWdlIiwic2V0dGluZ3MiOnsicG9zdF9pZCI6IjEwMDAwMDAxNzUxIn19@&#8220; header_2_text_align_tablet=&#8220;&#8220; header_2_text_align_phone=&#8220;center&#8220; header_2_text_align_last_edited=&#8220;on|phone&#8220; global_colors_info=&#8220;{}&#8220; header_2_2_text_align_phone=&#8220;center&#8220; header_3_2_text_align_phone=&#8220;center&#8220; header_4_2_text_align_phone=&#8220;center&#8220; header_5_2_text_align_phone=&#8220;center&#8220; header_6_2_text_align_phone=&#8220;center&#8220; header_2_2_text_align_last_edited=&#8220;on|phone&#8220; header_3_2_text_align_last_edited=&#8220;on|phone&#8220; header_4_2_text_align_last_edited=&#8220;on|phone&#8220; header_5_2_text_align_last_edited=&#8220;on|phone&#8220; header_6_2_text_align_last_edited=&#8220;on|phone&#8220; text_text_color__hover_enabled=&#8220;off|hover&#8220; header_2_text_color__hover_enabled=&#8220;on|hover&#8220; header_2_text_color__hover=&#8220;#FF9000&#8243;]Stalleinrichtung[\/et_pb_text][\/et_pb_column][\/et_pb_row][\/et_pb_section][et_pb_section fb_built=&#8220;1&#8243; _builder_version=&#8220;4.21.0&#8243; _module_preset=&#8220;default&#8220; background_color=&#8220;#dfe4e8&#8243; global_colors_info=&#8220;{}&#8220;][et_pb_row column_structure=&#8220;1_2,1_2&#8243; use_custom_gutter=&#8220;on&#8220; _builder_version=&#8220;4.21.0&#8243; _module_preset=&#8220;default&#8220; width=&#8220;100%&#8220; max_width=&#8220;70%&#8220; global_colors_info=&#8220;{}&#8220;][et_pb_column type=&#8220;1_2&#8243; _builder_version=&#8220;4.21.0&#8243; _module_preset=&#8220;default&#8220; global_colors_info=&#8220;{}&#8220;][et_pb_button button_text=&#8220;Informationen anfordern&#8220; button_alignment=&#8220;center&#8220; _builder_version=&#8220;4.23.1&#8243; _module_preset=&#8220;default&#8220; custom_button=&#8220;on&#8220; button_text_color=&#8220;#008bd2&#8243; button_border_radius=&#8220;31px&#8220; hover_enabled=&#8220;0&#8243; global_colors_info=&#8220;{}&#8220; button_url=&#8220;https:\/\/www.van-osch-uden.nl\/de\/kontakt\/&#8220; sticky_enabled=&#8220;0&#8243;][\/et_pb_button][\/et_pb_column][et_pb_column type=&#8220;1_2&#8243; _builder_version=&#8220;4.21.0&#8243; _module_preset=&#8220;default&#8220; global_colors_info=&#8220;{}&#8220;][et_pb_text _builder_version=&#8220;4.23&#8243; _module_preset=&#8220;default&#8220; text_font=&#8220;Cairo|300|||||||&#8220; text_text_color=&#8220;#333333&#8243; text_font_size=&#8220;18px&#8220; text_line_height=&#8220;1.8em&#8220; animation_style=&#8220;fold&#8220; animation_direction=&#8220;bottom&#8220; animation_intensity_fold=&#8220;20%&#8220; global_colors_info=&#8220;{}&#8220;]<\/p>\n<p>Ben\u00f6tigen Sie mehr Informationen \u00fcber die Produktion von Van Osch oder m\u00f6chten gerne mehr \u00fcber unser Unternehmen erfahren? Kontaktieren Sie uns. Wir sind Ihnen gerne behilflich.<\/p>\n<p>[\/et_pb_text][\/et_pb_column][\/et_pb_row][\/et_pb_section]<\/p>\n","protected":false},"excerpt":{"rendered":"<p>Ma\u00dfarbeitMa\u00dfarbeit Ma\u00dfarbeit Ma\u00dfgeschneiderte Stalleinrichtungen sind unsere Spezialit\u00e4t. Am liebsten \u00fcberlegen wir zusammen, wie wir Ihre Anforderungen an Stalleinrichtungen bis ins kleinste Detail umsetzen k\u00f6nnen. Nichts ist sch\u00f6ner und spannender, als diese gemeinsam mit Ihnen zu entwickeln, zu testen und schlussendlich zu produzieren. Da der Bedarf an Zusammenarbeit in der DNA von Van Osch steckt, k\u00f6nnen [&hellip;]<\/p>\n","protected":false},"author":1,"featured_media":0,"parent":0,"menu_order":0,"comment_status":"closed","ping_status":"closed","template":"","meta":{"_et_pb_use_builder":"on","_et_pb_old_content":"","_et_gb_content_width":"","inline_featured_image":false,"footnotes":""},"class_list":["post-10000003022","page","type-page","status-publish","hentry"],"_links":{"self":[{"href":"https:\/\/www.van-osch-uden.nl\/de\/wp-json\/wp\/v2\/pages\/10000003022","targetHints":{"allow":["GET"]}}],"collection":[{"href":"https:\/\/www.van-osch-uden.nl\/de\/wp-json\/wp\/v2\/pages"}],"about":[{"href":"https:\/\/www.van-osch-uden.nl\/de\/wp-json\/wp\/v2\/types\/page"}],"author":[{"embeddable":true,"href":"https:\/\/www.van-osch-uden.nl\/de\/wp-json\/wp\/v2\/users\/1"}],"replies":[{"embeddable":true,"href":"https:\/\/www.van-osch-uden.nl\/de\/wp-json\/wp\/v2\/comments?post=10000003022"}],"version-history":[{"count":8,"href":"https:\/\/www.van-osch-uden.nl\/de\/wp-json\/wp\/v2\/pages\/10000003022\/revisions"}],"predecessor-version":[{"id":10000003519,"href":"https:\/\/www.van-osch-uden.nl\/de\/wp-json\/wp\/v2\/pages\/10000003022\/revisions\/10000003519"}],"wp:attachment":[{"href":"https:\/\/www.van-osch-uden.nl\/de\/wp-json\/wp\/v2\/media?parent=10000003022"}],"curies":[{"name":"wp","href":"https:\/\/api.w.org\/{rel}","templated":true}]}}